{"id":124943,"date":"2025-05-19T16:10:45","date_gmt":"2025-05-19T14:10:45","guid":{"rendered":"https:\/\/www.estherbeck.ch\/portfolio\/riedo-coiffure\/"},"modified":"2025-07-15T11:38:42","modified_gmt":"2025-07-15T09:38:42","slug":"riedo-coiffure","status":"publish","type":"portfolio","link":"https:\/\/www.estherbeck.ch\/fr\/portfolio\/riedo-coiffure\/","title":{"rendered":"RIEDO coiffure"},"content":{"rendered":"<div class=\"wpb-content-wrapper\"><p>[vc_row row_height_percent=&#8221;60&#8243; override_padding=&#8221;yes&#8221; h_padding=&#8221;2&#8243; top_padding=&#8221;5&#8243; bottom_padding=&#8221;5&#8243; back_image=&#8221;124376&#8243; back_position=&#8221;center center&#8221; overlay_color=&#8221;color-nhtu&#8221; overlay_alpha=&#8221;50&#8243; gutter_size=&#8221;3&#8243; column_width_percent=&#8221;100&#8243; shift_y=&#8221;0&#8243; z_index=&#8221;0&#8243; content_parallax=&#8221;0&#8243; uncode_shortcode_id=&#8221;197811&#8243; back_size=&#8221;cover&#8221; overlay_color_type=&#8221;uncode-palette&#8221; shape_dividers=&#8221;&#8221;][vc_column column_width_percent=&#8221;100&#8243; gutter_size=&#8221;0&#8243; style=&#8221;dark&#8221; overlay_alpha=&#8221;50&#8243; shift_x=&#8221;0&#8243; shift_y=&#8221;0&#8243; shift_y_down=&#8221;0&#8243; z_index=&#8221;0&#8243; medium_width=&#8221;0&#8243; mobile_width=&#8221;0&#8243; width=&#8221;1\/1&#8243; uncode_shortcode_id=&#8221;197684&#8243;][vc_custom_heading heading_semantic=&#8221;p&#8221; text_size=&#8221;&#8221; text_weight=&#8221;400&#8243; text_transform=&#8221;uppercase&#8221; uncode_shortcode_id=&#8221;206948&#8243; el_class=&#8221;heading_line&#8221;]En bref[\/vc_custom_heading][vc_custom_heading heading_semantic=&#8221;h3&#8243; text_size=&#8221;fontsize-614401&#8243; text_weight=&#8221;400&#8243; uncode_shortcode_id=&#8221;182542&#8243;]RIEDO coiffure[\/vc_custom_heading][\/vc_column][\/vc_row][vc_row row_height_percent=&#8221;0&#8243; override_padding=&#8221;yes&#8221; h_padding=&#8221;2&#8243; top_padding=&#8221;3&#8243; bottom_padding=&#8221;3&#8243; back_color=&#8221;color-lxmt&#8221; overlay_alpha=&#8221;50&#8243; gutter_size=&#8221;3&#8243; column_width_percent=&#8221;100&#8243; shift_y=&#8221;0&#8243; z_index=&#8221;0&#8243; inverted_device_order=&#8221;yes&#8221; uncode_shortcode_id=&#8221;408944&#8243; back_color_type=&#8221;uncode-palette&#8221;][vc_column column_width_percent=&#8221;100&#8243; gutter_size=&#8221;3&#8243; overlay_alpha=&#8221;50&#8243; shift_x=&#8221;0&#8243; shift_y=&#8221;0&#8243; shift_y_down=&#8221;0&#8243; z_index=&#8221;0&#8243; medium_width=&#8221;4&#8243; mobile_width=&#8221;0&#8243; zoom_width=&#8221;0&#8243; zoom_height=&#8221;0&#8243; width=&#8221;1\/2&#8243; mobile_height=&#8221;380&#8243; uncode_shortcode_id=&#8221;152688&#8243;][vc_gallery el_id=&#8221;gallery-842408&#8243; medias=&#8221;120115,124370,124373,124379,124364,124391&#8243; gutter_size=&#8221;2&#8243; media_items=&#8221;media|lightbox|original&#8221; screen_lg=&#8221;480&#8243; screen_md=&#8221;320&#8243; screen_sm=&#8221;&#8221; images_size=&#8221;three-two&#8221; single_overlay_opacity=&#8221;50&#8243; single_padding=&#8221;2&#8243; single_border=&#8221;yes&#8221; uncode_shortcode_id=&#8221;202998&#8243; items=&#8221;eyIxMTkxODBfaSI6eyJzaW5nbGVfd2lkdGgiOiIxMiJ9LCIxMTk1NzlfaSI6eyJzaW5nbGVfd2lkdGgiOiIxMiJ9fQ==&#8221;][vc_row_inner row_inner_height_percent=&#8221;0&#8243; overlay_alpha=&#8221;50&#8243; gutter_size=&#8221;3&#8243; border_color=&#8221;accent&#8221; border_style=&#8221;solid&#8221; shift_y=&#8221;0&#8243; z_index=&#8221;0&#8243; uncode_shortcode_id=&#8221;166757&#8243; css=&#8221;.vc_custom_1679562366356{border-top-width: 1px !important;border-right-width: 1px !important;border-bottom-width: 1px !important;border-left-width: 1px !important;padding-top: 36px !important;padding-right: 36px !important;padding-bottom: 36px !important;padding-left: 36px !important;}&#8221; border_color_type=&#8221;uncode-palette&#8221; limit_content=&#8221;&#8221;][vc_column_inner column_width_percent=&#8221;100&#8243; gutter_size=&#8221;2&#8243; style=&#8221;light&#8221; overlay_alpha=&#8221;50&#8243; shift_x=&#8221;0&#8243; shift_y=&#8221;0&#8243; shift_y_down=&#8221;0&#8243; z_index=&#8221;0&#8243; medium_width=&#8221;0&#8243; mobile_width=&#8221;0&#8243; sticky=&#8221;yes&#8221; width=&#8221;1\/1&#8243; uncode_shortcode_id=&#8221;710271&#8243;][vc_column_text uncode_shortcode_id=&#8221;129553&#8243; el_class=&#8221;download_link&#8221;]<\/p>\n<h4>Actuellement<\/h4>\n<p>[\/vc_column_text][vc_button size=&#8221;link&#8221; link=&#8221;url:https%3A%2F%2Festherbeck.ch%2Fnewsroom%2F|title:Espace%20pour%20les%20m%C3%A9dias|target:_blank|&#8221; icon=&#8221;fa fa-newspaper-o&#8221; uncode_shortcode_id=&#8221;183920&#8243;]Newsroom[\/vc_button][vc_button size=&#8221;link&#8221; link=&#8221;url:mailto%3A%20contact%40estherbeck.ch|target:_blank|&#8221; icon=&#8221;fa fa-envelope-o&#8221; uncode_shortcode_id=&#8221;179517&#8243;]Contactez-nous[\/vc_button][vc_button size=&#8221;link&#8221; link=&#8221;url:https%3A%2F%2Friedocoiffure.ch|target:_blank|&#8221; icon=&#8221;fa fa-home-outline&#8221; uncode_shortcode_id=&#8221;946804&#8243;]RIEDO coiffure[\/vc_button][\/vc_column_inner][\/vc_row_inner][\/vc_column][vc_column column_width_percent=&#8221;100&#8243; gutter_size=&#8221;0&#8243; overlay_alpha=&#8221;50&#8243; shift_x=&#8221;0&#8243; shift_y=&#8221;0&#8243; shift_y_down=&#8221;0&#8243; z_index=&#8221;0&#8243; medium_width=&#8221;4&#8243; mobile_width=&#8221;0&#8243; zoom_width=&#8221;0&#8243; zoom_height=&#8221;0&#8243; width=&#8221;1\/2&#8243; uncode_shortcode_id=&#8221;125702&#8243;][vc_custom_heading heading_semantic=&#8221;p&#8221; text_size=&#8221;&#8221; text_weight=&#8221;400&#8243; text_transform=&#8221;uppercase&#8221; uncode_shortcode_id=&#8221;210124&#8243; el_class=&#8221;heading_line&#8221;]Nous pr\u00e9sentons nos clients[\/vc_custom_heading][vc_custom_heading text_color=&#8221;accent&#8221; heading_semantic=&#8221;h3&#8243; text_size=&#8221;h1&#8243; text_weight=&#8221;400&#8243; uncode_shortcode_id=&#8221;987716&#8243; text_color_type=&#8221;uncode-palette&#8221;]RIEDO coiffure &#8211; riedogroup AG[\/vc_custom_heading][vc_empty_space empty_h=&#8221;1&#8243;][vc_column_text uncode_shortcode_id=&#8221;622756&#8243;]<\/p>\n<p style=\"font-weight: 400;\">\u00ab RIEDO coiffure \u00bb est synonyme de conseils individualis\u00e9s, de soins capillaires de prestige et de rituels de beaut\u00e9 qui subliment votre peau. Avec des salons \u00e0 B\u00f6singen, Laupen, Tavel\/Tafers, Guin\/D\u00fcdingen et Chi\u00e8tres\/Kerzers, \u00ab RIEDO coiffure \u00bb propose une offre compl\u00e8te de services pour un soin capillaire parfait. L&#8217;accent est mis sur des coupes de cheveux adapt\u00e9es au style et au temp\u00e9rament et des conseils personnalis\u00e9s ax\u00e9s sur la sant\u00e9 du cheveux et du cuir chevelu. Un autre point fort des salons est les rituels de beaut\u00e9 sp\u00e9ciaux avec massages cr\u00e2niens et huiles aromatiques parfum\u00e9es pour une exp\u00e9rience de bien-\u00eatre exceptionnelle. Les salons s&#8217;attachent \u00e0 transformer les soins en un moment de d\u00e9tente et de plaisir vou\u00e9 \u00e0 oublier les soucis quotidiens.    <\/p>\n<p style=\"font-weight: 400;\">\u00ab RIEDO coiffure \u00bb propose \u00e9galement des conseils en mati\u00e8re de solutions capillaires : diff\u00e9rentes maladies ou leurs traitements s&#8217;accompagnent d&#8217;une chute de cheveux comme en cas de chimioth\u00e9rapie. Marc Riedo, directeur de \u00ab RIEDO coiffure \u00bb a parfaitement compris la situation : \u00ab l&#8217;\u00e2me d&#8217;une personne souffre quand ses cheveux tombent \u00bb. Avec calme et discr\u00e9tion, une assistance est fournie aux personnes concern\u00e9es pour s\u00e9lectionner la proth\u00e8se capillaire la mieux adapt\u00e9e, un maquillage ad\u00e9quat ou pour la s\u00e9lection de produits de soins sp\u00e9ciaux pour la peau du visage lors d&#8217;une chimioth\u00e9rapie.   <\/p>\n<p style=\"font-weight: 400;\">\u00ab RIEDO coiffure \u00bb fait partie du \u00ab riedogroup SA \u00bb de la famille Riedo qui s&#8217;engage depuis 1972 dans l&#8217;art de la coiffure. \u00ab riedogroup SA \u00bb compte environ 70 collaborateurs dont 12 apprenti\u00b7e\u00b7s. La soci\u00e9t\u00e9 g\u00e8re \u00e9galement la boutique \u00ab Prune \u00bb \u00e0 Fribourg.  <\/p>\n<p style=\"font-weight: 400;\">Marc Riedo repr\u00e9sente la troisi\u00e8me g\u00e9n\u00e9ration \u00e0 perp\u00e9tuer la tradition de la coiffure. Il a repris la direction de quatre entreprises existantes g\u00e9r\u00e9es jusque l\u00e0 par ses parents, Arnold et Marianne Riedo. C&#8217;est en 2005, qu&#8217;\u00e0 la demande de Hans-Peter Aerni, il a repris l&#8217;entreprise renomm\u00e9e \u00ab Aerni Berne \u00bb dans laquelle il avait effectu\u00e9 son apprentissage. D\u00e8s 2006, Marc Riedo a transform\u00e9, en tr\u00e8s peu de temps, un ancien h\u00f4tel art nouveau class\u00e9 monument historique situ\u00e9 au 60 de la Aarbergergasse \u00e0 Berne en un nouveau salon. Lanc\u00e9, \u00e0 l&#8217;\u00e9poque, avec 25 collaborateurs, ce sont aujourd&#8217;hui plus de 40 talents qui animent ces \u00e9l\u00e9gants espaces.    <\/p>\n<p style=\"font-weight: 400;\">Depuis 2008, on retrouve \u00e9galement \u00ab AERNI \u00bb au \u00ab Grand H\u00f4tel et Spa VICTORIA-JUNGFRAU \u00bb d&#8217;Interlaken. La c\u00e9l\u00e9bration de l&#8217;art de la coiffure se poursuit jusqu&#8217;\u00e0 aujourd&#8217;hui avec l&#8217;arriv\u00e9e de Jan Riedo en 2018 dans l&#8217;entreprise, en tant que coiffeur et repr\u00e9sentant de la quatri\u00e8me g\u00e9n\u00e9ration. <\/p>\n<p>[\/vc_column_text][\/vc_column][\/vc_row][vc_row row_height_percent=&#8221;0&#8243; override_padding=&#8221;yes&#8221; h_padding=&#8221;2&#8243; top_padding=&#8221;3&#8243; bottom_padding=&#8221;3&#8243; back_color=&#8221;color-xsdn&#8221; overlay_alpha=&#8221;100&#8243; gutter_size=&#8221;100&#8243; column_width_percent=&#8221;100&#8243; shift_y=&#8221;0&#8243; z_index=&#8221;0&#8243; style=&#8221;inherited&#8221; uncode_shortcode_id=&#8221;649771&#8243; back_color_type=&#8221;uncode-palette&#8221;][vc_column column_width_percent=&#8221;100&#8243; position_vertical=&#8221;middle&#8221; align_horizontal=&#8221;align_center&#8221; gutter_size=&#8221;3&#8243; overlay_alpha=&#8221;100&#8243; shift_x=&#8221;0&#8243; shift_y=&#8221;0&#8243; shift_y_down=&#8221;0&#8243; z_index=&#8221;0&#8243; medium_width=&#8221;0&#8243; mobile_width=&#8221;0&#8243; zoom_width=&#8221;0&#8243; zoom_height=&#8221;0&#8243; width=&#8221;1\/1&#8243;][vc_gallery el_id=&#8221;gallery-518005619&#8243; type=&#8221;carousel&#8221; medias=&#8221;124358,124361,124364,124367,124370,124373,124376,124379,124391,124388,124385,124382&#8243; carousel_lg=&#8221;1&#8243; carousel_md=&#8221;1&#8243; carousel_sm=&#8221;1&#8243; gutter_size=&#8221;0&#8243; media_items=&#8221;description,media|lightbox|poster,caption&#8221; carousel_autoh=&#8221;yes&#8221; carousel_type=&#8221;fade&#8221; carousel_interval=&#8221;5000&#8243; carousel_navspeed=&#8221;200&#8243; carousel_dots=&#8221;yes&#8221; carousel_textual=&#8221;yes&#8221; stage_padding=&#8221;0&#8243; single_style=&#8221;dark&#8221; single_overlay_opacity=&#8221;50&#8243; single_overlay_anim=&#8221;no&#8221; single_text_anim=&#8221;no&#8221; single_image_anim=&#8221;no&#8221; single_h_align=&#8221;center&#8221; single_padding=&#8221;2&#8243; single_title_dimension=&#8221;h4&#8243; carousel_rtl=&#8221;&#8221; single_half_padding=&#8221;&#8221; single_title_uppercase=&#8221;&#8221; single_title_bold=&#8221;&#8221; single_title_serif=&#8221;&#8221; single_no_background=&#8221;&#8221; carousel_twitter=&#8221;yes&#8221; uncode_shortcode_id=&#8221;165451&#8243;][\/vc_column][\/vc_row][vc_row row_height_percent=&#8221;0&#8243; override_padding=&#8221;yes&#8221; h_padding=&#8221;5&#8243; top_padding=&#8221;5&#8243; bottom_padding=&#8221;5&#8243; back_color=&#8221;accent&#8221; overlay_alpha=&#8221;50&#8243; gutter_size=&#8221;3&#8243; column_width_percent=&#8221;100&#8243; shift_y=&#8221;0&#8243; z_index=&#8221;0&#8243; top_divider=&#8221;swoosh&#8221; uncode_shortcode_id=&#8221;114140&#8243; back_color_type=&#8221;uncode-palette&#8221;][vc_column column_width_percent=&#8221;100&#8243; align_horizontal=&#8221;align_center&#8221; gutter_size=&#8221;3&#8243; style=&#8221;dark&#8221; overlay_alpha=&#8221;50&#8243; shift_x=&#8221;0&#8243; shift_y=&#8221;0&#8243; shift_y_down=&#8221;0&#8243; z_index=&#8221;0&#8243; medium_width=&#8221;0&#8243; mobile_width=&#8221;0&#8243; width=&#8221;1\/1&#8243; uncode_shortcode_id=&#8221;214399&#8243;][vc_button button_color=&#8221;color-xsdn&#8221; size=&#8221;link&#8221; btn_link_size=&#8221;h3&#8243; btn_link_underline=&#8221;btn-underline-out&#8221; custom_typo=&#8221;yes&#8221; font_family=&#8221;font-555555&#8243; font_weight=&#8221;600&#8243; uncode_shortcode_id=&#8221;155964&#8243; button_color_type=&#8221;uncode-palette&#8221; link=&#8221;url:https%3A%2F%2Friedocoiffure.ch|target:_blank|&#8221;]En savoir plus de RIEDO coiffure[\/vc_button][\/vc_column][\/vc_row]<\/p>\n<\/div>","protected":false},"excerpt":{"rendered":"<p>RIEDO coiffure &#8211; une famille, une tradition<\/p>\n","protected":false},"author":5,"featured_media":124394,"parent":0,"menu_order":0,"comment_status":"closed","ping_status":"closed","template":"","meta":{"footnotes":""},"portfolio_category":[139],"class_list":["post-124943","portfolio","type-portfolio","status-publish","has-post-thumbnail","hentry","portfolio_category-clients"],"_links":{"self":[{"href":"https:\/\/www.estherbeck.ch\/fr\/wp-json\/wp\/v2\/portfolio\/124943","targetHints":{"allow":["GET"]}}],"collection":[{"href":"https:\/\/www.estherbeck.ch\/fr\/wp-json\/wp\/v2\/portfolio"}],"about":[{"href":"https:\/\/www.estherbeck.ch\/fr\/wp-json\/wp\/v2\/types\/portfolio"}],"author":[{"embeddable":true,"href":"https:\/\/www.estherbeck.ch\/fr\/wp-json\/wp\/v2\/users\/5"}],"replies":[{"embeddable":true,"href":"https:\/\/www.estherbeck.ch\/fr\/wp-json\/wp\/v2\/comments?post=124943"}],"version-history":[{"count":2,"href":"https:\/\/www.estherbeck.ch\/fr\/wp-json\/wp\/v2\/portfolio\/124943\/revisions"}],"predecessor-version":[{"id":124945,"href":"https:\/\/www.estherbeck.ch\/fr\/wp-json\/wp\/v2\/portfolio\/124943\/revisions\/124945"}],"wp:featuredmedia":[{"embeddable":true,"href":"https:\/\/www.estherbeck.ch\/fr\/wp-json\/wp\/v2\/media\/124394"}],"wp:attachment":[{"href":"https:\/\/www.estherbeck.ch\/fr\/wp-json\/wp\/v2\/media?parent=124943"}],"wp:term":[{"taxonomy":"portfolio_category","embeddable":true,"href":"https:\/\/www.estherbeck.ch\/fr\/wp-json\/wp\/v2\/portfolio_category?post=124943"}],"curies":[{"name":"wp","href":"https:\/\/api.w.org\/{rel}","templated":true}]}}