{"id":122100,"date":"2023-05-04T14:33:19","date_gmt":"2023-05-04T12:33:19","guid":{"rendered":"https:\/\/www.estherbeck.ch\/portfolio\/aerni-berne-haar-kleid-bar-spa\/"},"modified":"2025-07-01T16:16:27","modified_gmt":"2025-07-01T14:16:27","slug":"aerni-berne-haar-kleid-bar-spa","status":"publish","type":"portfolio","link":"https:\/\/www.estherbeck.ch\/fr\/portfolio\/aerni-berne-haar-kleid-bar-spa\/","title":{"rendered":"Aerni Berne \u00abCoiffure Mode Bar Spa\u00bb"},"content":{"rendered":"<div class=\"wpb-content-wrapper\"><p>[vc_row row_height_percent=&#8221;60&#8243; override_padding=&#8221;yes&#8221; h_padding=&#8221;2&#8243; top_padding=&#8221;5&#8243; bottom_padding=&#8221;5&#8243; back_image=&#8221;119354&#8243; back_position=&#8221;center center&#8221; overlay_color=&#8221;color-nhtu&#8221; overlay_alpha=&#8221;50&#8243; gutter_size=&#8221;3&#8243; column_width_percent=&#8221;100&#8243; shift_y=&#8221;0&#8243; z_index=&#8221;0&#8243; uncode_shortcode_id=&#8221;202682&#8243; back_size=&#8221;cover&#8221; overlay_color_type=&#8221;uncode-palette&#8221;][vc_column column_width_percent=&#8221;100&#8243; gutter_size=&#8221;0&#8243; style=&#8221;dark&#8221; overlay_alpha=&#8221;50&#8243; shift_x=&#8221;0&#8243; shift_y=&#8221;0&#8243; shift_y_down=&#8221;0&#8243; z_index=&#8221;0&#8243; medium_width=&#8221;0&#8243; mobile_width=&#8221;0&#8243; width=&#8221;1\/1&#8243; uncode_shortcode_id=&#8221;197684&#8243;][vc_custom_heading heading_semantic=&#8221;p&#8221; text_size=&#8221;&#8221; text_weight=&#8221;400&#8243; text_transform=&#8221;uppercase&#8221; uncode_shortcode_id=&#8221;161018&#8243; el_class=&#8221;heading_line&#8221;]En bref[\/vc_custom_heading][vc_custom_heading heading_semantic=&#8221;h3&#8243; text_size=&#8221;fontsize-614401&#8243; text_weight=&#8221;400&#8243; uncode_shortcode_id=&#8221;542566&#8243;]AERNI Bern<br \/>\n\u00abCoiffure Mode Bar Spa\u00bb[\/vc_custom_heading][\/vc_column][\/vc_row][vc_row row_height_percent=&#8221;0&#8243; override_padding=&#8221;yes&#8221; h_padding=&#8221;2&#8243; top_padding=&#8221;3&#8243; bottom_padding=&#8221;3&#8243; back_color=&#8221;color-lxmt&#8221; overlay_alpha=&#8221;50&#8243; gutter_size=&#8221;3&#8243; column_width_percent=&#8221;100&#8243; shift_y=&#8221;0&#8243; z_index=&#8221;0&#8243; inverted_device_order=&#8221;yes&#8221; uncode_shortcode_id=&#8221;408944&#8243; back_color_type=&#8221;uncode-palette&#8221;][vc_column column_width_percent=&#8221;100&#8243; gutter_size=&#8221;3&#8243; overlay_alpha=&#8221;50&#8243; shift_x=&#8221;0&#8243; shift_y=&#8221;0&#8243; shift_y_down=&#8221;0&#8243; z_index=&#8221;0&#8243; medium_width=&#8221;4&#8243; mobile_width=&#8221;0&#8243; zoom_width=&#8221;0&#8243; zoom_height=&#8221;0&#8243; width=&#8221;1\/2&#8243; mobile_height=&#8221;380&#8243; uncode_shortcode_id=&#8221;152688&#8243;][vc_gallery el_id=&#8221;gallery-842408&#8243; medias=&#8221;119537,119180,119565,119564,119562,119560,119559&#8243; gutter_size=&#8221;2&#8243; media_items=&#8221;media|lightbox|original&#8221; screen_lg=&#8221;480&#8243; screen_md=&#8221;320&#8243; screen_sm=&#8221;&#8221; images_size=&#8221;three-two&#8221; single_overlay_opacity=&#8221;50&#8243; single_padding=&#8221;2&#8243; single_border=&#8221;yes&#8221; uncode_shortcode_id=&#8221;697911&#8243; items=&#8221;eyIxMTkxODBfaSI6eyJzaW5nbGVfd2lkdGgiOiI0In0sIjExOTUzN19pIjp7InNpbmdsZV93aWR0aCI6IjEyIn19&#8243;][vc_row_inner row_inner_height_percent=&#8221;0&#8243; overlay_alpha=&#8221;50&#8243; gutter_size=&#8221;3&#8243; border_color=&#8221;accent&#8221; border_style=&#8221;solid&#8221; shift_y=&#8221;0&#8243; z_index=&#8221;0&#8243; uncode_shortcode_id=&#8221;166757&#8243; css=&#8221;.vc_custom_1679562366356{border-top-width: 1px !important;border-right-width: 1px !important;border-bottom-width: 1px !important;border-left-width: 1px !important;padding-top: 36px !important;padding-right: 36px !important;padding-bottom: 36px !important;padding-left: 36px !important;}&#8221; border_color_type=&#8221;uncode-palette&#8221; limit_content=&#8221;&#8221;][vc_column_inner column_width_percent=&#8221;100&#8243; gutter_size=&#8221;2&#8243; style=&#8221;light&#8221; overlay_alpha=&#8221;50&#8243; shift_x=&#8221;0&#8243; shift_y=&#8221;0&#8243; shift_y_down=&#8221;0&#8243; z_index=&#8221;0&#8243; medium_width=&#8221;0&#8243; mobile_width=&#8221;0&#8243; sticky=&#8221;yes&#8221; width=&#8221;1\/1&#8243; uncode_shortcode_id=&#8221;710271&#8243;][vc_column_text uncode_shortcode_id=&#8221;129553&#8243; el_class=&#8221;download_link&#8221;]<\/p>\n<h4>Actuellement<\/h4>\n<p>[\/vc_column_text][vc_button size=&#8221;link&#8221; link=&#8221;url:https%3A%2F%2Festherbeck.ch%2Fnewsroom%2F|title:Espace%20pour%20les%20m%C3%A9dias|target:_blank|&#8221; icon=&#8221;fa fa-newspaper-o&#8221; uncode_shortcode_id=&#8221;338549&#8243;]Newsroom[\/vc_button][vc_button size=&#8221;link&#8221; link=&#8221;url:mailto%3A%20contact%40estherbeck.ch|target:_blank|&#8221; icon=&#8221;fa fa-envelope-o&#8221; uncode_shortcode_id=&#8221;118664&#8243;]Contactez-nous[\/vc_button][vc_button size=&#8221;link&#8221; link=&#8221;url:https%3A%2F%2Faernibern.ch%2F|&#8221; icon=&#8221;fa fa-home-outline&#8221; uncode_shortcode_id=&#8221;153021&#8243;]AERNI Berne[\/vc_button][\/vc_column_inner][\/vc_row_inner][\/vc_column][vc_column column_width_percent=&#8221;100&#8243; gutter_size=&#8221;0&#8243; overlay_alpha=&#8221;50&#8243; shift_x=&#8221;0&#8243; shift_y=&#8221;0&#8243; shift_y_down=&#8221;0&#8243; z_index=&#8221;0&#8243; medium_width=&#8221;4&#8243; mobile_width=&#8221;0&#8243; zoom_width=&#8221;0&#8243; zoom_height=&#8221;0&#8243; width=&#8221;1\/2&#8243; uncode_shortcode_id=&#8221;125702&#8243;][vc_custom_heading heading_semantic=&#8221;p&#8221; text_size=&#8221;&#8221; text_weight=&#8221;400&#8243; text_transform=&#8221;uppercase&#8221; uncode_shortcode_id=&#8221;210124&#8243; el_class=&#8221;heading_line&#8221;]Nous pr\u00e9sentons nos clients[\/vc_custom_heading][vc_custom_heading text_color=&#8221;accent&#8221; heading_semantic=&#8221;h3&#8243; text_size=&#8221;h1&#8243; text_weight=&#8221;400&#8243; uncode_shortcode_id=&#8221;124574&#8243; text_color_type=&#8221;uncode-palette&#8221;]AERNI riedogroup SA[\/vc_custom_heading][vc_empty_space empty_h=&#8221;1&#8243;][vc_column_text uncode_shortcode_id=&#8221;177421&#8243;]<b><span data-contrast=\"auto\">Tout sous un m\u00eame toit : mode, plaisir et soins de la t\u00eate aux pieds <\/span><\/b><span data-ccp-props=\"{\"469777462\":[3210],\"469777927\":[0],\"469777928\":[1]}\"> <\/span><\/p>\n<p>Un salon de coiffure prim\u00e9, un spa, un bar et une boutique pr\u00e9sentant une s\u00e9lection in\u00e9dite des plus grands noms de la mode internationale. Tout sous un m\u00eame toit : quatre en un. Un concept store sans pareil \u00e0 Berne et unique en Suisse.<\/p>\n<p><b><span data-contrast=\"auto\">Aerni Coiffure<\/span><\/b><span data-contrast=\"auto\"> &#8211; Un collectif vou\u00e9 \u00e0 la beaut\u00e9 depuis plus de 180 ans Les plus de 30 collaborateurs tr\u00e8s motiv\u00e9s d&#8217;Aerni Haar sont professionnels, comp\u00e9tents, pr\u00e9venants et ne se contentent pas de la moyenne. <\/span><span data-ccp-props=\"{\"201341983\":0,\"335559740\":360}\"> <\/span><\/p>\n<p><b><span data-contrast=\"auto\">AERNI mode<\/span><\/b> <span data-contrast=\"auto\">\u2013<\/span> Marc Riedo et son \u00e9quipe sont toujours \u00e0 la recherche de v\u00eatements originaux, d\u00e9contract\u00e9s et \u00e9l\u00e9gants de stylistes individuels pour leur client\u00e8le accro de mode. Un conseil individuel et personnalis\u00e9 joue un grand r\u00f4le lors de ces \u00e9changes. <\/p>\n<p><b><span data-contrast=\"auto\">Aerni bar <\/span><\/b><span data-contrast=\"auto\">\u2013<\/span> La priorit\u00e9 est mise sur une offre r\u00e9gionale et saisonni\u00e8re. Dans une atmosph\u00e8re relaxante, des fauteuils confortables permettent de prendre un caf\u00e9, de lire ou tout simplement de se retrouver. <\/p>\n<p><b><span data-contrast=\"auto\">Aerni Spa<\/span><\/b><span data-contrast=\"auto\"> &#8211; Espace, temps, calme, havre de paix, sont les premiers d\u00e9terminants qui viennent \u00e0 l\u2019esprit pour d\u00e9crire le spa de Aerni.  Des experts hautement qualifi\u00e9s sont \u00e0 l&#8217;enti\u00e8re disposition des clients et s&#8217;appliqueront \u00e0 composer une carte de soins parfaitement appropri\u00e9s pour chaque personne. Le spa propose non seulement des soins du visage et du corps complets en utilisant les produits Pharmos Natur et la Ligne ST BARTH, (la derni\u00e8re et une exclusivit\u00e9 \u00e0 Berne), mais \u00e9galement des formules \u00ab Day-Spa \u00bb sp\u00e9cifiques ainsi que des soins ayurv\u00e9diques pour le corps, l&#8217;\u00e2me et l&#8217;esprit. <\/span><span data-ccp-props=\"{\"201341983\":0,\"335559740\":360}\"> <\/span><\/p>\n<p>Marc et Jan Riedo sont la troisi\u00e8me et la quatri\u00e8me g\u00e9n\u00e9ration \u00e0 perp\u00e9tuer la tradition l&#8217;art de la coiffure impeccable. Tous deux sont des entrepreneurs cr\u00e9atifs dot\u00e9s d&#8217;une forte conviction . Ils ne manquent jamais de r\u00e9aliser des projets riches en id\u00e9es.<\/p>\n<p><strong>R\u00e9compenses<\/strong><\/p>\n<ul>\n<li>2024 \u00abArtisana Award\u00bb pour l\u2019innovation exceptionnelle et l\u2019orientation envers les collaborateurs<\/li>\n<li>2023 Top Hair International \u00abBest Practice\u00bb (DE, CH, AUT)<\/li>\n<li>2008 \u00abDr. Jost Hartmann\u00bb-Prix de la municipalit\u00e9 de Berne pour la meilleure r\u00e9novation et conservation de la structure architecturale prot\u00e9g\u00e9e au titre de la protection des monuments historiques.<\/li>\n<li>2008 Nomin\u00e9 pour le prix \u00ab Marketing &amp; Architecture \u00bb<\/li>\n<li>2007 \u00ab Estetica Design Award \u00bb Bologne, prix du plus beau salon du monde<\/li>\n<li>2007 \u00ab Best of Swiss Gastro Award\u00bb gagnant dans la cat\u00e9gorie tendance<\/li>\n<\/ul>\n<p>2023 \u00bb TOP Hair Internatioal,\u00bb salon de coiffure de l&#8217;ann\u00e9e (Suisse, Allemagne et Autriche)[\/vc_column_text][\/vc_column][\/vc_row][vc_row row_height_percent=&#8221;0&#8243; override_padding=&#8221;yes&#8221; h_padding=&#8221;2&#8243; top_padding=&#8221;3&#8243; bottom_padding=&#8221;3&#8243; back_color=&#8221;color-xsdn&#8221; overlay_alpha=&#8221;100&#8243; gutter_size=&#8221;100&#8243; column_width_percent=&#8221;100&#8243; shift_y=&#8221;0&#8243; z_index=&#8221;0&#8243; style=&#8221;inherited&#8221; uncode_shortcode_id=&#8221;649771&#8243; back_color_type=&#8221;uncode-palette&#8221;][vc_column column_width_percent=&#8221;100&#8243; position_vertical=&#8221;middle&#8221; align_horizontal=&#8221;align_center&#8221; gutter_size=&#8221;3&#8243; overlay_alpha=&#8221;100&#8243; shift_x=&#8221;0&#8243; shift_y=&#8221;0&#8243; shift_y_down=&#8221;0&#8243; z_index=&#8221;0&#8243; medium_width=&#8221;0&#8243; mobile_width=&#8221;0&#8243; zoom_width=&#8221;0&#8243; zoom_height=&#8221;0&#8243; width=&#8221;1\/1&#8243;][vc_gallery el_id=&#8221;gallery-518005619&#8243; type=&#8221;carousel&#8221; medias=&#8221;119739&#8243; carousel_lg=&#8221;1&#8243; carousel_md=&#8221;1&#8243; carousel_sm=&#8221;1&#8243; gutter_size=&#8221;0&#8243; media_items=&#8221;description,media|lightbox|poster,caption&#8221; carousel_autoh=&#8221;yes&#8221; carousel_type=&#8221;fade&#8221; carousel_interval=&#8221;5000&#8243; carousel_navspeed=&#8221;200&#8243; carousel_dots=&#8221;yes&#8221; carousel_textual=&#8221;yes&#8221; stage_padding=&#8221;0&#8243; single_style=&#8221;dark&#8221; single_overlay_opacity=&#8221;50&#8243; single_overlay_anim=&#8221;no&#8221; single_text_anim=&#8221;no&#8221; single_image_anim=&#8221;no&#8221; single_h_align=&#8221;center&#8221; single_padding=&#8221;2&#8243; single_title_dimension=&#8221;h4&#8243; carousel_rtl=&#8221;&#8221; single_half_padding=&#8221;&#8221; single_title_uppercase=&#8221;&#8221; single_title_bold=&#8221;&#8221; single_title_serif=&#8221;&#8221; single_no_background=&#8221;&#8221; carousel_twitter=&#8221;yes&#8221; uncode_shortcode_id=&#8221;674145&#8243;][\/vc_column][\/vc_row][vc_row row_height_percent=&#8221;0&#8243; override_padding=&#8221;yes&#8221; h_padding=&#8221;5&#8243; top_padding=&#8221;5&#8243; bottom_padding=&#8221;5&#8243; back_color=&#8221;accent&#8221; overlay_alpha=&#8221;50&#8243; gutter_size=&#8221;3&#8243; column_width_percent=&#8221;100&#8243; shift_y=&#8221;0&#8243; z_index=&#8221;0&#8243; top_divider=&#8221;swoosh&#8221; uncode_shortcode_id=&#8221;114140&#8243; back_color_type=&#8221;uncode-palette&#8221;][vc_column column_width_percent=&#8221;100&#8243; align_horizontal=&#8221;align_center&#8221; gutter_size=&#8221;3&#8243; style=&#8221;dark&#8221; overlay_alpha=&#8221;50&#8243; shift_x=&#8221;0&#8243; shift_y=&#8221;0&#8243; shift_y_down=&#8221;0&#8243; z_index=&#8221;0&#8243; medium_width=&#8221;0&#8243; mobile_width=&#8221;0&#8243; width=&#8221;1\/1&#8243; uncode_shortcode_id=&#8221;214399&#8243;][vc_button button_color=&#8221;color-xsdn&#8221; size=&#8221;link&#8221; btn_link_size=&#8221;h3&#8243; btn_link_underline=&#8221;btn-underline-out&#8221; custom_typo=&#8221;yes&#8221; font_family=&#8221;font-555555&#8243; font_weight=&#8221;600&#8243; uncode_shortcode_id=&#8221;627489&#8243; button_color_type=&#8221;uncode-palette&#8221; link=&#8221;url:https%3A%2F%2Faernibern.ch|target:_blank|&#8221;]En savoir plus[\/vc_button][\/vc_column][\/vc_row]<\/p>\n<\/div>","protected":false},"excerpt":{"rendered":"<p>AERNI Berne &#8211; tout sous un m\u00eame toit<\/p>\n","protected":false},"author":3,"featured_media":121153,"parent":0,"menu_order":0,"comment_status":"closed","ping_status":"closed","template":"","meta":{"footnotes":""},"portfolio_category":[139],"class_list":["post-122100","portfolio","type-portfolio","status-publish","has-post-thumbnail","hentry","portfolio_category-clients"],"_links":{"self":[{"href":"https:\/\/www.estherbeck.ch\/fr\/wp-json\/wp\/v2\/portfolio\/122100","targetHints":{"allow":["GET"]}}],"collection":[{"href":"https:\/\/www.estherbeck.ch\/fr\/wp-json\/wp\/v2\/portfolio"}],"about":[{"href":"https:\/\/www.estherbeck.ch\/fr\/wp-json\/wp\/v2\/types\/portfolio"}],"author":[{"embeddable":true,"href":"https:\/\/www.estherbeck.ch\/fr\/wp-json\/wp\/v2\/users\/3"}],"replies":[{"embeddable":true,"href":"https:\/\/www.estherbeck.ch\/fr\/wp-json\/wp\/v2\/comments?post=122100"}],"version-history":[{"count":11,"href":"https:\/\/www.estherbeck.ch\/fr\/wp-json\/wp\/v2\/portfolio\/122100\/revisions"}],"predecessor-version":[{"id":124888,"href":"https:\/\/www.estherbeck.ch\/fr\/wp-json\/wp\/v2\/portfolio\/122100\/revisions\/124888"}],"wp:featuredmedia":[{"embeddable":true,"href":"https:\/\/www.estherbeck.ch\/fr\/wp-json\/wp\/v2\/media\/121153"}],"wp:attachment":[{"href":"https:\/\/www.estherbeck.ch\/fr\/wp-json\/wp\/v2\/media?parent=122100"}],"wp:term":[{"taxonomy":"portfolio_category","embeddable":true,"href":"https:\/\/www.estherbeck.ch\/fr\/wp-json\/wp\/v2\/portfolio_category?post=122100"}],"curies":[{"name":"wp","href":"https:\/\/api.w.org\/{rel}","templated":true}]}}