{"id":121723,"date":"2023-05-04T12:46:38","date_gmt":"2023-05-04T10:46:38","guid":{"rendered":"https:\/\/estherbeck.ch\/social-media\/"},"modified":"2025-08-11T11:44:32","modified_gmt":"2025-08-11T09:44:32","slug":"social-media","status":"publish","type":"page","link":"https:\/\/www.estherbeck.ch\/fr\/social-media\/","title":{"rendered":"M\u00e9dias sociaux"},"content":{"rendered":"<div class=\"wpb-content-wrapper\"><p>[vc_row row_height_percent=&#8221;50&#8243; override_padding=&#8221;yes&#8221; h_padding=&#8221;2&#8243; top_padding=&#8221;5&#8243; bottom_padding=&#8221;5&#8243; back_image=&#8221;120910&#8243; back_position=&#8221;center center&#8221; overlay_color=&#8221;color-nhtu&#8221; overlay_alpha=&#8221;20&#8243; gutter_size=&#8221;3&#8243; column_width_percent=&#8221;100&#8243; shift_y=&#8221;0&#8243; z_index=&#8221;0&#8243; uncode_shortcode_id=&#8221;905749&#8243; back_size=&#8221;cover&#8221; overlay_color_type=&#8221;uncode-palette&#8221;][vc_column column_width_percent=&#8221;100&#8243; gutter_size=&#8221;0&#8243; style=&#8221;dark&#8221; overlay_alpha=&#8221;50&#8243; shift_x=&#8221;0&#8243; shift_y=&#8221;0&#8243; shift_y_down=&#8221;0&#8243; z_index=&#8221;0&#8243; medium_width=&#8221;0&#8243; mobile_width=&#8221;0&#8243; width=&#8221;1\/1&#8243; uncode_shortcode_id=&#8221;197684&#8243;][vc_custom_heading heading_semantic=&#8221;p&#8221; text_size=&#8221;&#8221; text_weight=&#8221;400&#8243; text_transform=&#8221;uppercase&#8221; uncode_shortcode_id=&#8221;190320&#8243; el_class=&#8221;heading_line&#8221;]Agence de relations publiques \u00e0 Berne[\/vc_custom_heading][vc_custom_heading heading_semantic=&#8221;h3&#8243; text_size=&#8221;fontsize-614401&#8243; text_weight=&#8221;400&#8243; uncode_shortcode_id=&#8221;837227&#8243;]M\u00e9dias sociaux[\/vc_custom_heading][\/vc_column][\/vc_row][vc_row row_height_percent=&#8221;0&#8243; override_padding=&#8221;yes&#8221; h_padding=&#8221;2&#8243; top_padding=&#8221;3&#8243; bottom_padding=&#8221;3&#8243; back_color=&#8221;color-lxmt&#8221; overlay_alpha=&#8221;50&#8243; gutter_size=&#8221;3&#8243; column_width_percent=&#8221;100&#8243; shift_y=&#8221;0&#8243; z_index=&#8221;0&#8243; uncode_shortcode_id=&#8221;658927&#8243; back_color_type=&#8221;uncode-palette&#8221;][vc_column column_width_percent=&#8221;100&#8243; gutter_size=&#8221;3&#8243; overlay_alpha=&#8221;50&#8243; shift_x=&#8221;0&#8243; shift_y=&#8221;0&#8243; shift_y_down=&#8221;0&#8243; z_index=&#8221;0&#8243; medium_width=&#8221;0&#8243; mobile_width=&#8221;0&#8243; width=&#8221;1\/1&#8243; uncode_shortcode_id=&#8221;538293&#8243;][vc_row_inner row_inner_height_percent=&#8221;0&#8243; overlay_alpha=&#8221;50&#8243; equal_height=&#8221;yes&#8221; gutter_size=&#8221;4&#8243; shift_y=&#8221;0&#8243; z_index=&#8221;0&#8243; inverted_device_order=&#8221;yes&#8221; uncode_shortcode_id=&#8221;476879&#8243;][vc_column_inner column_width_percent=&#8221;100&#8243; position_vertical=&#8221;middle&#8221; gutter_size=&#8221;0&#8243; overlay_alpha=&#8221;50&#8243; shift_x=&#8221;0&#8243; shift_y=&#8221;0&#8243; shift_y_down=&#8221;0&#8243; z_index=&#8221;0&#8243; medium_width=&#8221;0&#8243; mobile_width=&#8221;0&#8243; width=&#8221;1\/2&#8243; uncode_shortcode_id=&#8221;155119&#8243;][vc_custom_heading heading_semantic=&#8221;p&#8221; text_size=&#8221;&#8221; text_weight=&#8221;400&#8243; text_transform=&#8221;uppercase&#8221; uncode_shortcode_id=&#8221;194132&#8243; el_class=&#8221;heading_line&#8221;]Votre Agence de RP \u00e0 Berne[\/vc_custom_heading][vc_custom_heading heading_semantic=&#8221;h3&#8243; text_size=&#8221;h1&#8243; text_weight=&#8221;400&#8243; uncode_shortcode_id=&#8221;160807&#8243;]M\u00e9dias sociaux[\/vc_custom_heading][vc_empty_space empty_h=&#8221;1&#8243;][vc_column_text uncode_shortcode_id=&#8221;684242&#8243;]<\/p>\n<p style=\"font-weight: 400;\"><strong>R\u00e9seaux sociaux &amp; collaborations avec influenceur\u00b7e\u00b7s \u2013 une port\u00e9e authentique sur les m\u00e9dias sociaux <\/strong><\/p>\n<p style=\"font-weight: 400;\">En tant qu\u2019agence de relations publiques exp\u00e9riment\u00e9e bas\u00e9e \u00e0 Berne, nous comprenons la dynamique des m\u00e9dias sociaux et les utilisons de mani\u00e8re cibl\u00e9e pour votre succ\u00e8s. Nous \u00e9laborons des strat\u00e9gies de m\u00e9dias sociaux personnalis\u00e9es qui pr\u00e9sentent votre marque de fa\u00e7on authentique et la positionnent durablement. <\/p>\n<p style=\"font-weight: 400;\"><strong>Notre expertise au service de votre pr\u00e9sence digitale :<\/strong><\/p>\n<ul style=\"font-weight: 400;\">\n<li>Conseil strat\u00e9gique : nous concevons des pr\u00e9sences sur les r\u00e9seaux sociaux sur mesure, parfaitement adapt\u00e9es \u00e0 l\u2019identit\u00e9 de votre marque.<\/li>\n<li>Cr\u00e9ation de contenu : un storytelling \u00e9motionnel qui touche votre audience cible.<\/li>\n<li>Gestion des influenceur\u00b7e\u00b7s : s\u00e9lection minutieuse et accompagnement professionnel de partenaires de collaboration appropri\u00e9\u00b7e\u00b7s.<\/li>\n<li>R\u00e9seautage cross-m\u00e9dia : connexion optimale entre les m\u00e9dias classiques et les canaux digitaux.<\/li>\n<\/ul>\n<p style=\"font-weight: 400;\"><strong>Collaborations avec des influenceur\u00b7e\u00b7s \u00e0 forte valeur ajout\u00e9e<\/strong><\/p>\n<p style=\"font-weight: 400;\">Dans le march\u00e9 complexe des influenceur\u00b7e\u00b7s, nous identifions les bons \u201cleaders\u201c d\u2019opinion cl\u00e9s pour votre secteur \u2013 qu\u2019il s\u2019agisse de l\u2019h\u00f4tellerie, de la gastronomie, du lifestyle ou du tourisme. Nous prenons en charge : <\/p>\n<ul style=\"font-weight: 400;\">\n<li>Recherche et s\u00e9lection d\u2019influenceur\u00b7e\u00b7s cr\u00e9dibles<\/li>\n<li>N\u00e9gociation et r\u00e9daction des contrats<\/li>\n<li>Accompagnement de campagne et contr\u00f4le qualit\u00e9<\/li>\n<li>Mesure du succ\u00e8s et reporting<\/li>\n<\/ul>\n<p style=\"font-weight: 400;\">Notre promesse : un accompagnement personnalis\u00e9, une communication transparente et des r\u00e9sultats mesurables.<\/p>\n<p style=\"font-weight: 400;\">Contactez-nous pour une consultation sans engagement et d\u00e9couvrez de nouvelles fa\u00e7ons de communiquer autrement.<\/p>\n<p>[\/vc_column_text][vc_empty_space empty_h=&#8221;1&#8243;][vc_button button_color=&#8221;accent&#8221; border_width=&#8221;0&#8243; link=&#8221;url:https%3A%2F%2Fwww.instagram.com%2Festherbeck.pr%2F|&#8221; button_color_type=&#8221;uncode-palette&#8221; uncode_shortcode_id=&#8221;491197&#8243;]Suivez-nous sur Instagram[\/vc_button][\/vc_column_inner][vc_column_inner column_width_percent=&#8221;100&#8243; position_vertical=&#8221;middle&#8221; gutter_size=&#8221;3&#8243; overlay_alpha=&#8221;50&#8243; shift_x=&#8221;0&#8243; shift_y=&#8221;0&#8243; shift_y_down=&#8221;0&#8243; z_index=&#8221;0&#8243; medium_width=&#8221;0&#8243; mobile_width=&#8221;0&#8243; width=&#8221;1\/2&#8243; uncode_shortcode_id=&#8221;418139&#8243;][vc_single_image media=&#8221;120813&#8243; media_width_percent=&#8221;100&#8243; media_ratio=&#8221;four-three&#8221; uncode_shortcode_id=&#8221;201750&#8243;][\/vc_column_inner][\/vc_row_inner][\/vc_column][\/vc_row]<\/p>\n<\/div>","protected":false},"excerpt":{"rendered":"<p>[vc_row row_height_percent=&#8221;50&#8243; override_padding=&#8221;yes&#8221; h_padding=&#8221;2&#8243; top_padding=&#8221;5&#8243; bottom_padding=&#8221;5&#8243; back_image=&#8221;120910&#8243; back_position=&#8221;center center&#8221; overlay_color=&#8221;color-nhtu&#8221; overlay_alpha=&#8221;20&#8243; gutter_size=&#8221;3&#8243; column_width_percent=&#8221;100&#8243; shift_y=&#8221;0&#8243; z_index=&#8221;0&#8243; uncode_shortcode_id=&#8221;905749&#8243; back_size=&#8221;cover&#8221; overlay_color_type=&#8221;uncode-palette&#8221;][vc_column column_width_percent=&#8221;100&#8243; gutter_size=&#8221;0&#8243; [&hellip;]<\/p>\n","protected":false},"author":3,"featured_media":0,"parent":0,"menu_order":0,"comment_status":"closed","ping_status":"closed","template":"","meta":{"footnotes":""},"class_list":["post-121723","page","type-page","status-publish","hentry"],"_links":{"self":[{"href":"https:\/\/www.estherbeck.ch\/fr\/wp-json\/wp\/v2\/pages\/121723","targetHints":{"allow":["GET"]}}],"collection":[{"href":"https:\/\/www.estherbeck.ch\/fr\/wp-json\/wp\/v2\/pages"}],"about":[{"href":"https:\/\/www.estherbeck.ch\/fr\/wp-json\/wp\/v2\/types\/page"}],"author":[{"embeddable":true,"href":"https:\/\/www.estherbeck.ch\/fr\/wp-json\/wp\/v2\/users\/3"}],"replies":[{"embeddable":true,"href":"https:\/\/www.estherbeck.ch\/fr\/wp-json\/wp\/v2\/comments?post=121723"}],"version-history":[{"count":10,"href":"https:\/\/www.estherbeck.ch\/fr\/wp-json\/wp\/v2\/pages\/121723\/revisions"}],"predecessor-version":[{"id":125028,"href":"https:\/\/www.estherbeck.ch\/fr\/wp-json\/wp\/v2\/pages\/121723\/revisions\/125028"}],"wp:attachment":[{"href":"https:\/\/www.estherbeck.ch\/fr\/wp-json\/wp\/v2\/media?parent=121723"}],"curies":[{"name":"wp","href":"https:\/\/api.w.org\/{rel}","templated":true}]}}