{"id":121721,"date":"2021-03-19T10:20:00","date_gmt":"2021-03-19T09:20:00","guid":{"rendered":"https:\/\/estherbeck.ch\/angebot\/"},"modified":"2026-08-06T11:07:40","modified_gmt":"2026-08-06T09:07:40","slug":"services","status":"publish","type":"page","link":"https:\/\/www.estherbeck.ch\/fr\/services\/","title":{"rendered":"Services"},"content":{"rendered":"<div class=\"wpb-content-wrapper\"><p>[vc_row row_height_percent=&#8221;50&#8243; override_padding=&#8221;yes&#8221; h_padding=&#8221;2&#8243; top_padding=&#8221;5&#8243; bottom_padding=&#8221;5&#8243; back_image=&#8221;121017&#8243; back_position=&#8221;center center&#8221; overlay_color=&#8221;color-nhtu&#8221; overlay_alpha=&#8221;18&#8243; gutter_size=&#8221;3&#8243; column_width_percent=&#8221;100&#8243; shift_y=&#8221;0&#8243; z_index=&#8221;0&#8243; uncode_shortcode_id=&#8221;175941&#8243; back_size=&#8221;cover&#8221; overlay_color_type=&#8221;uncode-palette&#8221;][vc_column column_width_percent=&#8221;100&#8243; gutter_size=&#8221;0&#8243; style=&#8221;dark&#8221; overlay_alpha=&#8221;50&#8243; shift_x=&#8221;0&#8243; shift_y=&#8221;0&#8243; shift_y_down=&#8221;0&#8243; z_index=&#8221;0&#8243; medium_width=&#8221;0&#8243; mobile_width=&#8221;0&#8243; width=&#8221;1\/1&#8243; uncode_shortcode_id=&#8221;197684&#8243;][vc_custom_heading heading_semantic=&#8221;p&#8221; text_size=&#8221;&#8221; text_weight=&#8221;400&#8243; text_transform=&#8221;uppercase&#8221; uncode_shortcode_id=&#8221;175536&#8243; el_class=&#8221;heading_line&#8221;]Votre agence de relations publiques \u00e0 Berne[\/vc_custom_heading][vc_custom_heading heading_semantic=&#8221;h3&#8243; text_size=&#8221;fontsize-614401&#8243; text_weight=&#8221;400&#8243; uncode_shortcode_id=&#8221;139576&#8243;]Services[\/vc_custom_heading][\/vc_column][\/vc_row][vc_row row_height_percent=&#8221;30&#8243; override_padding=&#8221;yes&#8221; h_padding=&#8221;2&#8243; top_padding=&#8221;3&#8243; bottom_padding=&#8221;3&#8243; back_color=&#8221;color-lxmt&#8221; overlay_alpha=&#8221;50&#8243; gutter_size=&#8221;3&#8243; column_width_percent=&#8221;100&#8243; shift_y=&#8221;0&#8243; z_index=&#8221;0&#8243; uncode_shortcode_id=&#8221;212518&#8243; back_color_type=&#8221;uncode-palette&#8221;][vc_column column_width_percent=&#8221;100&#8243; gutter_size=&#8221;3&#8243; overlay_alpha=&#8221;50&#8243; shift_x=&#8221;0&#8243; shift_y=&#8221;0&#8243; shift_y_down=&#8221;0&#8243; z_index=&#8221;0&#8243; medium_width=&#8221;0&#8243; mobile_width=&#8221;0&#8243; width=&#8221;1\/1&#8243; uncode_shortcode_id=&#8221;538293&#8243;][vc_row_inner row_inner_height_percent=&#8221;0&#8243; overlay_alpha=&#8221;50&#8243; equal_height=&#8221;yes&#8221; gutter_size=&#8221;4&#8243; shift_y=&#8221;0&#8243; z_index=&#8221;0&#8243; inverted_device_order=&#8221;yes&#8221; uncode_shortcode_id=&#8221;476879&#8243;][vc_column_inner column_width_percent=&#8221;100&#8243; position_vertical=&#8221;middle&#8221; gutter_size=&#8221;0&#8243; overlay_alpha=&#8221;50&#8243; shift_x=&#8221;0&#8243; shift_y=&#8221;0&#8243; shift_y_down=&#8221;0&#8243; z_index=&#8221;0&#8243; medium_width=&#8221;0&#8243; mobile_width=&#8221;0&#8243; width=&#8221;1\/2&#8243; uncode_shortcode_id=&#8221;155119&#8243;][vc_custom_heading heading_semantic=&#8221;p&#8221; text_size=&#8221;&#8221; text_weight=&#8221;400&#8243; text_transform=&#8221;uppercase&#8221; uncode_shortcode_id=&#8221;839913&#8243; el_class=&#8221;heading_line&#8221;]ESTHER BECK PR \u00e0 Berne[\/vc_custom_heading][vc_custom_heading heading_semantic=&#8221;h3&#8243; text_size=&#8221;h1&#8243; text_weight=&#8221;400&#8243; uncode_shortcode_id=&#8221;187551&#8243;]Klassische PR-Arbeiten[\/vc_custom_heading][vc_empty_space empty_h=&#8221;2&#8243;][vc_column_text uncode_shortcode_id=&#8221;159207&#8243;]<\/p>\n<p style=\"font-weight: 400;\">En tant qu\u2019agence de relations publiques ind\u00e9pendante \u00e0 Berne, nous vous proposons toute la gamme des services classiques en mati\u00e8re de communication. Nous misons sur une communication honn\u00eate, transparente et ax\u00e9e sur les r\u00e9sultats dans l\u2019ensemble de la r\u00e9gion DACH. <\/p>\n<p>[\/vc_column_text][vc_empty_space empty_h=&#8221;1&#8243;][vc_button button_color=&#8221;accent&#8221; border_width=&#8221;0&#8243; link=&#8221;url:https%3A%2F%2Fwww.estherbeck.ch%2Ffr%2F%3Fpage_id%3D121709|title:Klassische%20PR-Arbeiten|&#8221; button_color_type=&#8221;uncode-palette&#8221; uncode_shortcode_id=&#8221;712793&#8243;]Continuez \u00e0 lire[\/vc_button][\/vc_column_inner][vc_column_inner column_width_percent=&#8221;100&#8243; position_vertical=&#8221;middle&#8221; gutter_size=&#8221;3&#8243; overlay_alpha=&#8221;50&#8243; shift_x=&#8221;0&#8243; shift_y=&#8221;0&#8243; shift_y_down=&#8221;0&#8243; z_index=&#8221;0&#8243; medium_width=&#8221;0&#8243; mobile_width=&#8221;0&#8243; width=&#8221;1\/2&#8243; uncode_shortcode_id=&#8221;418139&#8243;][vc_single_image media=&#8221;121636&#8243; media_width_percent=&#8221;100&#8243; uncode_shortcode_id=&#8221;905775&#8243;][\/vc_column_inner][\/vc_row_inner][\/vc_column][\/vc_row][vc_row row_height_percent=&#8221;30&#8243; override_padding=&#8221;yes&#8221; h_padding=&#8221;2&#8243; top_padding=&#8221;3&#8243; bottom_padding=&#8221;3&#8243; back_color=&#8221;color-xsdn&#8221; overlay_alpha=&#8221;50&#8243; gutter_size=&#8221;3&#8243; column_width_percent=&#8221;100&#8243; shift_y=&#8221;0&#8243; z_index=&#8221;0&#8243; uncode_shortcode_id=&#8221;134405&#8243; back_color_type=&#8221;uncode-palette&#8221;][vc_column column_width_percent=&#8221;100&#8243; gutter_size=&#8221;3&#8243; overlay_alpha=&#8221;50&#8243; shift_x=&#8221;0&#8243; shift_y=&#8221;0&#8243; shift_y_down=&#8221;0&#8243; z_index=&#8221;0&#8243; medium_width=&#8221;0&#8243; mobile_width=&#8221;0&#8243; width=&#8221;1\/1&#8243; uncode_shortcode_id=&#8221;538293&#8243;][vc_row_inner row_inner_height_percent=&#8221;0&#8243; overlay_alpha=&#8221;50&#8243; equal_height=&#8221;yes&#8221; gutter_size=&#8221;4&#8243; shift_y=&#8221;0&#8243; z_index=&#8221;0&#8243; inverted_device_order=&#8221;yes&#8221; uncode_shortcode_id=&#8221;476879&#8243;][vc_column_inner column_width_percent=&#8221;100&#8243; position_vertical=&#8221;middle&#8221; gutter_size=&#8221;0&#8243; overlay_alpha=&#8221;50&#8243; shift_x=&#8221;0&#8243; shift_y=&#8221;0&#8243; shift_y_down=&#8221;0&#8243; z_index=&#8221;0&#8243; medium_width=&#8221;0&#8243; mobile_width=&#8221;0&#8243; width=&#8221;1\/2&#8243; uncode_shortcode_id=&#8221;155119&#8243;][vc_single_image media=&#8221;121640&#8243; media_width_percent=&#8221;100&#8243; media_ratio=&#8221;four-three&#8221; uncode_shortcode_id=&#8221;181138&#8243;][\/vc_column_inner][vc_column_inner column_width_percent=&#8221;100&#8243; position_vertical=&#8221;middle&#8221; gutter_size=&#8221;0&#8243; overlay_alpha=&#8221;50&#8243; shift_x=&#8221;0&#8243; shift_y=&#8221;0&#8243; shift_y_down=&#8221;0&#8243; z_index=&#8221;0&#8243; medium_width=&#8221;0&#8243; mobile_width=&#8221;0&#8243; width=&#8221;1\/2&#8243; uncode_shortcode_id=&#8221;201659&#8243;][vc_custom_heading heading_semantic=&#8221;p&#8221; text_size=&#8221;&#8221; text_weight=&#8221;400&#8243; text_transform=&#8221;uppercase&#8221; uncode_shortcode_id=&#8221;625737&#8243; el_class=&#8221;heading_line&#8221;]ESTHER BECK PR \u00e0 Berne[\/vc_custom_heading][vc_custom_heading heading_semantic=&#8221;h3&#8243; text_size=&#8221;h1&#8243; text_weight=&#8221;400&#8243; uncode_shortcode_id=&#8221;155847&#8243;]Media Relations[\/vc_custom_heading][vc_empty_space empty_h=&#8221;2&#8243;][vc_column_text uncode_shortcode_id=&#8221;131388&#8243;]Dans le paysage m\u00e9diatique actuel, en constante \u00e9volution, nous comprenons l\u2019importance d\u2019une forte pr\u00e9sence m\u00e9diatique.<br \/>Nous mettons tout en \u0153uvre pour pr\u00e9senter votre marque sous son meilleur jour et diffuser vos messages dans les m\u00e9dias appropri\u00e9s \u2013 afin que vos histoires soient entendues.[\/vc_column_text][vc_empty_space empty_h=&#8221;1&#8243;][vc_button button_color=&#8221;accent&#8221; border_width=&#8221;0&#8243; uncode_shortcode_id=&#8221;218149&#8243; button_color_type=&#8221;uncode-palette&#8221; link=&#8221;url:https%3A%2F%2Festherbeck.ch%2Fmedia-relations-2%2F|title:Media%20Relations|&#8221;]Continuez \u00e0 lire[\/vc_button][\/vc_column_inner][\/vc_row_inner][\/vc_column][\/vc_row][vc_row row_height_percent=&#8221;30&#8243; back_color=&#8221;color-lxmt&#8221; overlay_alpha=&#8221;50&#8243; gutter_size=&#8221;3&#8243; column_width_percent=&#8221;100&#8243; shift_y=&#8221;0&#8243; z_index=&#8221;0&#8243; uncode_shortcode_id=&#8221;606495&#8243; back_color_type=&#8221;uncode-palette&#8221;][vc_column width=&#8221;1\/1&#8243;][vc_row_inner][vc_column_inner width=&#8221;1\/2&#8243;][vc_custom_heading heading_semantic=&#8221;p&#8221; text_size=&#8221;&#8221; text_weight=&#8221;400&#8243; text_transform=&#8221;uppercase&#8221; uncode_shortcode_id=&#8221;176818&#8243; el_class=&#8221;heading_line&#8221;]ESTHER BECK PR \u00e0 Berne[\/vc_custom_heading][vc_custom_heading heading_semantic=&#8221;h3&#8243; text_size=&#8221;h1&#8243; text_weight=&#8221;400&#8243; uncode_shortcode_id=&#8221;927852&#8243;]Social Media[\/vc_custom_heading][vc_column_text uncode_shortcode_id=&#8221;140478&#8243;]<\/p>\n<p style=\"font-weight: 400;\">En tant qu\u2019agence de relations publiques exp\u00e9riment\u00e9e bas\u00e9e \u00e0 Berne, nous comprenons la dynamique des m\u00e9dias sociaux et les utilisons de mani\u00e8re cibl\u00e9e pour votre succ\u00e8s. Nous \u00e9laborons des strat\u00e9gies de m\u00e9dias sociaux personnalis\u00e9es qui pr\u00e9sentent votre marque de fa\u00e7on authentique et la positionnent durablement. <\/p>\n<p>[\/vc_column_text][vc_button button_color=&#8221;accent&#8221; border_width=&#8221;0&#8243; uncode_shortcode_id=&#8221;163861&#8243; button_color_type=&#8221;uncode-palette&#8221; link=&#8221;url:https%3A%2F%2Fwww.estherbeck.ch%2Ffr%2Fsocial-media%2F|title:Social%20Media|&#8221;]Continuez \u00e0 lire[\/vc_button][\/vc_column_inner][vc_column_inner width=&#8221;1\/2&#8243;][vc_single_image media=&#8221;121642&#8243; media_width_percent=&#8221;100&#8243; uncode_shortcode_id=&#8221;141185&#8243;][\/vc_column_inner][\/vc_row_inner][\/vc_column][\/vc_row][vc_row row_height_percent=&#8221;30&#8243; back_color=&#8221;color-xsdn&#8221; overlay_alpha=&#8221;50&#8243; gutter_size=&#8221;3&#8243; column_width_percent=&#8221;100&#8243; shift_y=&#8221;0&#8243; z_index=&#8221;0&#8243; uncode_shortcode_id=&#8221;190599&#8243; back_color_type=&#8221;uncode-palette&#8221;][vc_column width=&#8221;1\/1&#8243;][vc_row_inner][vc_column_inner width=&#8221;1\/2&#8243;][vc_single_image media=&#8221;121660&#8243; caption=&#8221;yes&#8221; media_width_percent=&#8221;100&#8243; uncode_shortcode_id=&#8221;171716&#8243;][\/vc_column_inner][vc_column_inner width=&#8221;1\/2&#8243;][vc_custom_heading heading_semantic=&#8221;p&#8221; text_size=&#8221;&#8221; text_weight=&#8221;400&#8243; text_transform=&#8221;uppercase&#8221; uncode_shortcode_id=&#8221;167151&#8243; el_class=&#8221;heading_line&#8221;]ESTHER BECK PR \u00e0 Berne[\/vc_custom_heading][vc_custom_heading heading_semantic=&#8221;h3&#8243; text_size=&#8221;h1&#8243; text_weight=&#8221;400&#8243; uncode_shortcode_id=&#8221;286346&#8243;]Collaborations[\/vc_custom_heading][vc_column_text uncode_shortcode_id=&#8221;283425&#8243;]<\/p>\n<p style=\"font-weight: 400;\">Mit innovativen Marketing-Kooperationen und exklusiven Testimonial-Partnerschaften erschliessen wir neue Zielgruppen und M\u00e4rkte f\u00fcr Ihre Marke. Als erfahrene PR-Agentur in Bern verbinden wir klassische \u00d6ffentlichkeitsarbeit mit kreativen Kooperationskonzepten im gesamten DACH-Raum.<\/p>\n<p style=\"font-weight: 400;\">Unsere ganzheitlichen Konzepte basieren auf einer durchdachten Kommunikationsstrategie. Ob f\u00fcr Hospitality, der Gastronomie oder im Lifestyle-Bereich, wir entwickeln passgenaue L\u00f6sungen, die Ihre Markenwerte authentisch transportieren.<\/p>\n<p style=\"font-weight: 400;\"><strong>Ihre Vorteile<\/strong>: Erh\u00f6hte Markenbekanntheit, neue Kundenkreise und nachhaltige Gesch\u00e4ftsbeziehungen durch strategisch durchdachte Kooperationen.<\/p>\n<p>[\/vc_column_text][vc_button button_color=&#8221;accent&#8221; border_width=&#8221;0&#8243; uncode_shortcode_id=&#8221;237410&#8243; link=&#8221;url:https%3A%2F%2Fwww.estherbeck.ch%2Ffr%2Fcollaborations%2F|title:Referenzen|&#8221; button_color_type=&#8221;uncode-palette&#8221;]Continuez \u00e0 lire[\/vc_button][\/vc_column_inner][\/vc_row_inner][\/vc_column][\/vc_row][vc_row row_height_percent=&#8221;30&#8243; back_color=&#8221;color-lxmt&#8221; overlay_alpha=&#8221;50&#8243; gutter_size=&#8221;3&#8243; column_width_percent=&#8221;100&#8243; shift_y=&#8221;0&#8243; z_index=&#8221;0&#8243; uncode_shortcode_id=&#8221;606495&#8243; back_color_type=&#8221;uncode-palette&#8221;][vc_column width=&#8221;1\/1&#8243;][vc_row_inner][vc_column_inner width=&#8221;1\/2&#8243;][vc_custom_heading heading_semantic=&#8221;p&#8221; text_size=&#8221;&#8221; text_weight=&#8221;400&#8243; text_transform=&#8221;uppercase&#8221; uncode_shortcode_id=&#8221;176818&#8243; el_class=&#8221;heading_line&#8221;]ESTHER BECK PR \u00e0 Berne[\/vc_custom_heading][vc_custom_heading heading_semantic=&#8221;h3&#8243; text_size=&#8221;h1&#8243; text_weight=&#8221;400&#8243; uncode_shortcode_id=&#8221;847087&#8243;]Positionierung und Markensch\u00e4rfung[\/vc_custom_heading][vc_column_text uncode_shortcode_id=&#8221;100473&#8243;]Wir begleiten Unternehmen bei der Entwicklung ihres Markenkerns: von der Positionierung \u00fcber die Markenarchitektur bis zur sprachlichen und visuellen Identit\u00e4t. Weil wirksame Kommunikation ein klares Fundament braucht.[\/vc_column_text][vc_button button_color=&#8221;accent&#8221; border_width=&#8221;0&#8243; uncode_shortcode_id=&#8221;849740&#8243; button_color_type=&#8221;uncode-palette&#8221; link=&#8221;url:https%3A%2F%2Fwww.estherbeck.ch%2Ffr%2Fpositionnement-et-affinement-de-la-marque%2F|title:Social%20Media|&#8221;]Continuez \u00e0 lire[\/vc_button][\/vc_column_inner][vc_column_inner width=&#8221;1\/2&#8243;][vc_single_image media=&#8221;125895&#8243; media_width_percent=&#8221;100&#8243; uncode_shortcode_id=&#8221;170163&#8243;][\/vc_column_inner][\/vc_row_inner][\/vc_column][\/vc_row][vc_row row_height_percent=&#8221;0&#8243; back_color=&#8221;color-wvjs&#8221; overlay_alpha=&#8221;50&#8243; gutter_size=&#8221;3&#8243; column_width_percent=&#8221;100&#8243; shift_y=&#8221;0&#8243; z_index=&#8221;0&#8243; uncode_shortcode_id=&#8221;532261&#8243; back_color_type=&#8221;uncode-palette&#8221;][vc_column width=&#8221;1\/3&#8243;][vc_custom_heading text_color=&#8221;color-xsdn&#8221; heading_semantic=&#8221;h3&#8243; text_size=&#8221;h3&#8243; text_weight=&#8221;300&#8243; uncode_shortcode_id=&#8221;111454&#8243; text_color_type=&#8221;uncode-palette&#8221;]Partenariats[\/vc_custom_heading][vc_column_text text_color=&#8221;color-xsdn&#8221; uncode_shortcode_id=&#8221;179386&#8243; text_color_type=&#8221;uncode-palette&#8221;]Nous privil\u00e9gions les partenariats \u00e0 long terme. Nous avons donc recours \u00e0 un r\u00e9seau exhaustif de partenaires dans les domaines du texte, de l&#8217;image, de la traduction, des m\u00e9dias sociaux, de la photographie ou du web design.[\/vc_column_text][\/vc_column][vc_column width=&#8221;1\/3&#8243;][vc_custom_heading text_color=&#8221;color-xsdn&#8221; heading_semantic=&#8221;h3&#8243; text_size=&#8221;h3&#8243; text_weight=&#8221;300&#8243; uncode_shortcode_id=&#8221;806192&#8243; text_color_type=&#8221;uncode-palette&#8221;]Domaine d&#8217;activit\u00e9[\/vc_custom_heading][vc_column_text text_color=&#8221;color-xsdn&#8221; uncode_shortcode_id=&#8221;157449&#8243; text_color_type=&#8221;uncode-palette&#8221;]Nous travaillons avec des m\u00e9dias de Suisse al\u00e9manique et de Suisse romande ainsi que d&#8217;Allemagne ou d&#8217;Autriche.[\/vc_column_text][\/vc_column][vc_column width=&#8221;1\/3&#8243;][vc_custom_heading text_color=&#8221;color-xsdn&#8221; heading_semantic=&#8221;h3&#8243; text_size=&#8221;h3&#8243; text_weight=&#8221;300&#8243; uncode_shortcode_id=&#8221;353409&#8243; text_color_type=&#8221;uncode-palette&#8221;]Affiliations[\/vc_custom_heading][vc_column_text text_color=&#8221;color-xsdn&#8221; uncode_shortcode_id=&#8221;581276&#8243; text_color_type=&#8221;uncode-palette&#8221;]ESTHER BECK PR est membre de la Soci\u00e9t\u00e9 bernoise des relations publiques.<br \/>\nEsther Beck, propri\u00e9taire et directrice de l\u2019agence, est membre accr\u00e9dit\u00e9e de PR Suisse SPV.[\/vc_column_text][\/vc_column][\/vc_row]<\/p>\n<\/div>","protected":false},"excerpt":{"rendered":"<p>[vc_row row_height_percent=&#8221;50&#8243; override_padding=&#8221;yes&#8221; h_padding=&#8221;2&#8243; top_padding=&#8221;5&#8243; bottom_padding=&#8221;5&#8243; back_image=&#8221;121017&#8243; back_position=&#8221;center center&#8221; overlay_color=&#8221;color-nhtu&#8221; overlay_alpha=&#8221;18&#8243; gutter_size=&#8221;3&#8243; column_width_percent=&#8221;100&#8243; shift_y=&#8221;0&#8243; z_index=&#8221;0&#8243; uncode_shortcode_id=&#8221;175941&#8243; back_size=&#8221;cover&#8221; overlay_color_type=&#8221;uncode-palette&#8221;][vc_column column_width_percent=&#8221;100&#8243; gutter_size=&#8221;0&#8243; [&hellip;]<\/p>\n","protected":false},"author":1,"featured_media":0,"parent":0,"menu_order":0,"comment_status":"closed","ping_status":"closed","template":"","meta":{"footnotes":""},"class_list":["post-121721","page","type-page","status-publish","hentry"],"_links":{"self":[{"href":"https:\/\/www.estherbeck.ch\/fr\/wp-json\/wp\/v2\/pages\/121721","targetHints":{"allow":["GET"]}}],"collection":[{"href":"https:\/\/www.estherbeck.ch\/fr\/wp-json\/wp\/v2\/pages"}],"about":[{"href":"https:\/\/www.estherbeck.ch\/fr\/wp-json\/wp\/v2\/types\/page"}],"author":[{"embeddable":true,"href":"https:\/\/www.estherbeck.ch\/fr\/wp-json\/wp\/v2\/users\/1"}],"replies":[{"embeddable":true,"href":"https:\/\/www.estherbeck.ch\/fr\/wp-json\/wp\/v2\/comments?post=121721"}],"version-history":[{"count":26,"href":"https:\/\/www.estherbeck.ch\/fr\/wp-json\/wp\/v2\/pages\/121721\/revisions"}],"predecessor-version":[{"id":125899,"href":"https:\/\/www.estherbeck.ch\/fr\/wp-json\/wp\/v2\/pages\/121721\/revisions\/125899"}],"wp:attachment":[{"href":"https:\/\/www.estherbeck.ch\/fr\/wp-json\/wp\/v2\/media?parent=121721"}],"curies":[{"name":"wp","href":"https:\/\/api.w.org\/{rel}","templated":true}]}}