{"id":121702,"date":"2021-03-19T08:59:11","date_gmt":"2021-03-19T07:59:11","guid":{"rendered":"https:\/\/estherbeck.ch\/uber-uns\/"},"modified":"2026-06-30T14:09:49","modified_gmt":"2026-06-30T12:09:49","slug":"team","status":"publish","type":"page","link":"https:\/\/www.estherbeck.ch\/fr\/team\/","title":{"rendered":"Team"},"content":{"rendered":"<div class=\"wpb-content-wrapper\"><p>[vc_row row_height_percent=&#8221;50&#8243; override_padding=&#8221;yes&#8221; h_padding=&#8221;2&#8243; top_padding=&#8221;5&#8243; bottom_padding=&#8221;5&#8243; back_image=&#8221;124685&#8243; back_position=&#8221;center center&#8221; overlay_color=&#8221;color-nhtu&#8221; overlay_alpha=&#8221;23&#8243; gutter_size=&#8221;3&#8243; column_width_percent=&#8221;100&#8243; shift_y=&#8221;0&#8243; z_index=&#8221;0&#8243; content_parallax=&#8221;0&#8243; uncode_shortcode_id=&#8221;891808&#8243; back_size=&#8221;cover&#8221; overlay_color_type=&#8221;uncode-palette&#8221;][vc_column column_width_percent=&#8221;100&#8243; gutter_size=&#8221;0&#8243; style=&#8221;dark&#8221; overlay_alpha=&#8221;50&#8243; shift_x=&#8221;0&#8243; shift_y=&#8221;0&#8243; shift_y_down=&#8221;0&#8243; z_index=&#8221;0&#8243; medium_width=&#8221;0&#8243; mobile_width=&#8221;0&#8243; width=&#8221;1\/1&#8243; uncode_shortcode_id=&#8221;197684&#8243;][vc_custom_heading heading_semantic=&#8221;p&#8221; text_size=&#8221;&#8221; text_weight=&#8221;400&#8243; text_transform=&#8221;uppercase&#8221; uncode_shortcode_id=&#8221;115834&#8243; el_class=&#8221;heading_line&#8221;]Agence de relations publiques \u00e0 Berne[\/vc_custom_heading][vc_custom_heading heading_semantic=&#8221;h4&#8243; text_size=&#8221;fontsize-614401&#8243; text_weight=&#8221;400&#8243; uncode_shortcode_id=&#8221;582741&#8243;]Team[\/vc_custom_heading][\/vc_column][\/vc_row][vc_row row_height_percent=&#8221;0&#8243; override_padding=&#8221;yes&#8221; h_padding=&#8221;2&#8243; top_padding=&#8221;3&#8243; bottom_padding=&#8221;3&#8243; back_color=&#8221;color-lxmt&#8221; overlay_alpha=&#8221;50&#8243; gutter_size=&#8221;3&#8243; column_width_percent=&#8221;100&#8243; shift_y=&#8221;0&#8243; z_index=&#8221;0&#8243; uncode_shortcode_id=&#8221;133564&#8243; back_color_type=&#8221;uncode-palette&#8221;][vc_column column_width_percent=&#8221;100&#8243; gutter_size=&#8221;3&#8243; overlay_alpha=&#8221;50&#8243; shift_x=&#8221;0&#8243; shift_y=&#8221;0&#8243; shift_y_down=&#8221;0&#8243; z_index=&#8221;0&#8243; medium_width=&#8221;0&#8243; mobile_width=&#8221;0&#8243; width=&#8221;1\/1&#8243; uncode_shortcode_id=&#8221;538293&#8243;][vc_row_inner row_inner_height_percent=&#8221;0&#8243; overlay_alpha=&#8221;50&#8243; equal_height=&#8221;yes&#8221; gutter_size=&#8221;4&#8243; shift_y=&#8221;0&#8243; z_index=&#8221;0&#8243; inverted_device_order=&#8221;yes&#8221; uncode_shortcode_id=&#8221;165069&#8243; limit_content=&#8221;&#8221;][vc_column_inner column_width_percent=&#8221;100&#8243; position_vertical=&#8221;middle&#8221; gutter_size=&#8221;0&#8243; overlay_alpha=&#8221;50&#8243; shift_x=&#8221;0&#8243; shift_y=&#8221;0&#8243; shift_y_down=&#8221;0&#8243; z_index=&#8221;0&#8243; medium_width=&#8221;0&#8243; mobile_width=&#8221;0&#8243; width=&#8221;1\/2&#8243; uncode_shortcode_id=&#8221;622180&#8243;][vc_custom_heading heading_semantic=&#8221;p&#8221; text_size=&#8221;&#8221; text_weight=&#8221;400&#8243; text_transform=&#8221;uppercase&#8221; uncode_shortcode_id=&#8221;776502&#8243; el_class=&#8221;heading_line&#8221;]ESTHER BECK PR \u00e0 Berne[\/vc_custom_heading][vc_custom_heading heading_semantic=&#8221;h4&#8243; text_size=&#8221;h1&#8243; text_weight=&#8221;400&#8243; uncode_shortcode_id=&#8221;104162&#8243;]Ensemble, nous cr\u00e9ons une passerelle vers les m\u00e9dias et vous assistons dans votre communication interne et externe.[\/vc_custom_heading][vc_empty_space empty_h=&#8221;1&#8243;][vc_empty_space empty_h=&#8221;1&#8243;][vc_button button_color=&#8221;accent&#8221; hover_fx=&#8221;outlined&#8221; border_width=&#8221;0&#8243; uncode_shortcode_id=&#8221;426116&#8243; button_color_type=&#8221;uncode-palette&#8221; link=&#8221;url:%23|&#8221;]Contact Us[\/vc_button][\/vc_column_inner][vc_column_inner column_width_percent=&#8221;100&#8243; position_vertical=&#8221;middle&#8221; gutter_size=&#8221;3&#8243; overlay_alpha=&#8221;50&#8243; shift_x=&#8221;0&#8243; shift_y=&#8221;0&#8243; shift_y_down=&#8221;0&#8243; z_index=&#8221;0&#8243; medium_width=&#8221;0&#8243; mobile_width=&#8221;0&#8243; width=&#8221;1\/2&#8243; uncode_shortcode_id=&#8221;196664&#8243;][vc_single_image media=&#8221;124700&#8243; media_width_percent=&#8221;100&#8243; media_ratio=&#8221;four-three&#8221; uncode_shortcode_id=&#8221;370489&#8243;][\/vc_column_inner][\/vc_row_inner][\/vc_column][\/vc_row][vc_row row_height_percent=&#8221;0&#8243; override_padding=&#8221;yes&#8221; h_padding=&#8221;2&#8243; top_padding=&#8221;3&#8243; bottom_padding=&#8221;3&#8243; overlay_alpha=&#8221;50&#8243; equal_height=&#8221;yes&#8221; gutter_size=&#8221;4&#8243; column_width_percent=&#8221;100&#8243; shift_y=&#8221;0&#8243; z_index=&#8221;0&#8243; uncode_shortcode_id=&#8221;295642&#8243; el_class=&#8221;post-seaction&#8221;][vc_column column_width_percent=&#8221;100&#8243; position_vertical=&#8221;bottom&#8221; gutter_size=&#8221;4&#8243; style=&#8221;light&#8221; overlay_alpha=&#8221;50&#8243; shift_x=&#8221;0&#8243; shift_y=&#8221;0&#8243; shift_y_down=&#8221;0&#8243; z_index=&#8221;0&#8243; medium_width=&#8221;0&#8243; mobile_width=&#8221;0&#8243; width=&#8221;1\/1&#8243; uncode_shortcode_id=&#8221;107707&#8243;][vc_row_inner limit_content=&#8221;&#8221;][vc_column_inner column_width_percent=&#8221;100&#8243; gutter_size=&#8221;2&#8243; overlay_alpha=&#8221;50&#8243; shift_x=&#8221;0&#8243; shift_y=&#8221;0&#8243; shift_y_down=&#8221;0&#8243; z_index=&#8221;0&#8243; medium_width=&#8221;0&#8243; mobile_width=&#8221;0&#8243; width=&#8221;1\/2&#8243; uncode_shortcode_id=&#8221;914526&#8243;][vc_single_image media=&#8221;123111&#8243; media_width_percent=&#8221;100&#8243; media_ratio=&#8221;three-two&#8221; alignment=&#8221;center&#8221; uncode_shortcode_id=&#8221;118719&#8243;][vc_custom_heading text_size=&#8221;h4&#8243; text_weight=&#8221;500&#8243; sub_lead=&#8221;yes&#8221; sub_reduced=&#8221;yes&#8221; uncode_shortcode_id=&#8221;152067&#8243; subheading=&#8221;Fondatrice et directrice&#8221;]Esther Beck[\/vc_custom_heading][vc_column_text uncode_shortcode_id=&#8221;197724&#8243;]<\/p>\n<div>\n<p>Esther Beck est la fondatrice et propri\u00e9taire d\u2019Esther Beck PR, une agence boutique de relations publiques bas\u00e9e au Zytglogge \u00e0 Berne. Depuis 2009, elle conseille des entreprises et des personnalit\u00e9s dans les domaines de l\u2019h\u00f4tellerie, de la gastronomie, du lifestyle, de la beaut\u00e9 et de la communication li\u00e9e \u00e0 la durabilit\u00e9 \u2014 avec un ancrage clair dans la r\u00e9gion DACH.<\/p>\n<p>Son parcours dans le secteur des relations publiques a d\u00e9but\u00e9 en 2000, lorsqu\u2019elle a occup\u00e9 le poste de directrice des relations publiques au VICTORIA-JUNGFRAU Grand Hotel &amp; Spa \u00e0 Interlaken, ainsi qu\u2019au Mandarin Oriental Luzern (auparavant Palace Luzern). En 2004, elle fonde sa premi\u00e8re agence avec une journaliste, avant de b\u00e2tir en 2009, avec Esther Beck PR, l\u2019agence telle qu\u2019on la conna\u00eet aujourd\u2019hui. Ces \u00e9tapes ont continu\u00e9 \u00e0 fa\u00e7onner sa mani\u00e8re de travailler : Esther Beck associe une pens\u00e9e strat\u00e9gique \u00e0 une compr\u00e9hension approfondie des secteurs dans lesquels elle intervient. Elle conna\u00eet les m\u00e9canismes de la sc\u00e8ne m\u00e9diatique suisse et internationale, tout comme les exigences sp\u00e9cifiques que les marques d\u2019h\u00f4tellerie, les \u00e9tablissements gastronomiques et les entreprises de lifestyle imposent \u00e0 leur communication.<\/p>\n<p>En tant que consultante en relations publiques, Esther Beck adopte une approche fond\u00e9e sur un positionnement durable plut\u00f4t que sur l\u2019attention \u00e0 court terme. Pour elle, de bonnes relations publiques commencent par l\u2019\u00e9coute : quelle histoire une marque porte-t-elle ? Quelles valeurs se cachent derri\u00e8re ? Et o\u00f9 se trouvent les lieux \u2014 m\u00e9dias, plateformes, leaders d\u2019opinion \u2014 o\u00f9 cette histoire peut g\u00e9n\u00e9rer une r\u00e9sonance v\u00e9ritable ? Cette d\u00e9marche strat\u00e9gique, marqu\u00e9e par une culture journalistique, distingue son travail de la communication de relations publiques classique en agence.<\/p>\n<p>Au cours des derni\u00e8res ann\u00e9es, Esther Beck a \u00e9tendu de mani\u00e8re cibl\u00e9e son offre : elle accompagne \u00e9galement les entreprises dans le d\u00e9veloppement et l\u2019affinement de leur c\u0153ur de marque \u2014 du positionnement \u00e0 l\u2019architecture de marque, jusqu\u2019\u00e0 l\u2019identit\u00e9 linguistique et visuelle. Cette \u00e9tape repose sur la conviction que la communication efficace ne fonctionne que sur un socle clairement d\u00e9fini. \u00c0 l\u2019heure actuelle, elle accompagne plusieurs projets dans ce domaine, actuellement en phase de mise en \u0153uvre. Par ailleurs, son offre comprend le d\u00e9veloppement de strat\u00e9gies social media ainsi que la conception et la r\u00e9alisation de collaborations entre marques. Tout particuli\u00e8rement dans le domaine des relations publiques li\u00e9es \u00e0 l\u2019h\u00f4tellerie et \u00e0 la gastronomie, elle associe un sens \u00e9ditorial \u00e0 un r\u00e9seau construit au fil des ann\u00e9es \u2014 aupr\u00e8s de journalistes en Suisse, en Allemagne et en Autriche. Elle est \u00e9paul\u00e9e par une petite \u00e9quipe qui partage ses valeurs : le soin, la discr\u00e9tion et un int\u00e9r\u00eat sinc\u00e8re pour les personnes derri\u00e8re les marques.<\/p>\n<p>En parall\u00e8le \u00e0 son activit\u00e9 d\u2019agence, Esther Beck transmet son savoir : elle enseigne les relations publiques au Swiss Institute of Business Economics (SIB) \u00e0 Berne. Pour elle, le travail avec les jeunes et les \u00e9changes en classe ne sont pas un \u201c\u00e0-c\u00f4t\u00e9\u201d, mais font partie int\u00e9grante de sa vision : partager ses connaissances plut\u00f4t que les garder pour soi. Esther Beck est Certified PR and Communication Expert SAQ et inscrite au registre professionnel BR du Swiss Public Relations Verband (SPRV).<\/p>\n<p>Esther Beck vit et travaille \u00e0 Berne. Elle dirige volontairement son agence comme une structure boutique : personnelle, ind\u00e9pendante, et avec l\u2019exigence de trouver, pour chaque mandat, non pas la communication la plus bruyante, mais la plus efficace. Lorsqu\u2019elle n\u2019est pas en d\u00e9placement pour ses clients, Esther Beck aime avant tout recevoir : \u00e0 sa propre table, avec une petite douceur faite maison et des histoires de lieux en Europe encore \u00e0 d\u00e9couvrir. Son moteur est aussi simple qu\u2019exigeant : rendre visible l\u2019essentiel. Pas plus, pas moins.<\/p>\n<\/div>\n<p>[\/vc_column_text][\/vc_column_inner][vc_column_inner column_width_percent=&#8221;100&#8243; gutter_size=&#8221;2&#8243; overlay_alpha=&#8221;50&#8243; shift_x=&#8221;0&#8243; shift_y=&#8221;0&#8243; shift_y_down=&#8221;0&#8243; z_index=&#8221;0&#8243; medium_width=&#8221;0&#8243; mobile_width=&#8221;0&#8243; width=&#8221;1\/2&#8243; uncode_shortcode_id=&#8221;110212&#8243;][vc_single_image media=&#8221;121616&#8243; media_width_percent=&#8221;100&#8243; media_ratio=&#8221;three-two&#8221; alignment=&#8221;center&#8221; uncode_shortcode_id=&#8221;522645&#8243;][vc_custom_heading text_size=&#8221;h4&#8243; text_weight=&#8221;500&#8243; sub_lead=&#8221;yes&#8221; sub_reduced=&#8221;yes&#8221; uncode_shortcode_id=&#8221;125145&#8243; subheading=&#8221;Coordinatrice PR et de projets&#8221;]Monika Buchser[\/vc_custom_heading][vc_column_text uncode_shortcode_id=&#8221;701022&#8243;]<\/p>\n<div>\n<p>Monika Buchser est coordinatrice PR et de projets chez Esther Beck PR, une agence boutique de relations publiques bas\u00e9e au Zytglogge \u00e0 Berne. Depuis 2019, elle accompagne l\u2019agence dans la mise en \u0153uvre de projets PR et communication pour des entreprises et des marques dans les domaines de l\u2019h\u00f4tellerie, de la gastronomie, du lifestyle, de la beaut\u00e9 et de la durabilit\u00e9 \u2014 avec un focus sur la Suisse et la r\u00e9gion DACH.<\/p>\n<p>Son parcours professionnel associe organisation, communication et technologie. Gr\u00e2ce \u00e0 sa longue exp\u00e9rience en marketing, administration et coordination de projets, elle garantit que les mandats PR sont mis en \u0153uvre de mani\u00e8re efficace, structur\u00e9e et avec une grande fiabilit\u00e9. Elle planifie et coordonne les actions m\u00e9diatiques, soutient les campagnes et les \u00e9v\u00e9nements, et veille \u00e0 ce que le travail strat\u00e9gique en communication fonctionne \u00e9galement avec pr\u00e9cision au niveau op\u00e9rationnel.<\/p>\n<p>Son parcours professionnel a d\u00e9but\u00e9 dans l\u2019h\u00f4tellerie internationale au Victoria-Jungfrau Grand Hotel &amp; Spa \u00e0 Interlaken, o\u00f9 elle a suivi sa formation commerciale. D\u2019autres exp\u00e9riences dans le tourisme et le marketing \u2014 notamment chez Schilthornbahn AG ainsi que dans l\u2019industrie \u2014 lui ont offert une compr\u00e9hension approfondie de secteurs vari\u00e9s et de leurs exigences en mati\u00e8re de communication. Monika Buchser a suivi une formation compl\u00e9mentaire en gestion de projets pour les salons et les \u00e9v\u00e9nements, avec un dipl\u00f4me SAWI. Son profil est compl\u00e9t\u00e9 par sa longue exp\u00e9rience dans le domaine notarial, ainsi que par ses comp\u00e9tences en conformit\u00e9 (compliance) et en coordination back-office.<\/p>\n<p>En tant que coordinatrice PR, Monika Buchser travaille en \u00e9troite collaboration avec Esther Beck et accompagne les mandats tout au long de la cha\u00eene de processus. Sa force se situe en particulier \u00e0 l\u2019endroit o\u00f9, \u00e0 partir de concepts strat\u00e9giques, naissent des processus concrets et efficaces \u2014 avec pr\u00e9cision, discr\u00e9tion et sens du d\u00e9tail.<\/p>\n<p>En parall\u00e8le \u00e0 son activit\u00e9 chez Esther Beck PR, Monika Buchser travaille dans une entreprise fintech \u00e0 Berne. Elle y est responsable de l\u2019IT interne, de la gestion de Microsoft 365 ainsi que des processus administratifs. Cette perspective suppl\u00e9mentaire, au sein d\u2019un environnement port\u00e9 par la technologie, influence sa mani\u00e8re de travailler : orient\u00e9e solutions, structur\u00e9e et avec une compr\u00e9hension claire des infrastructures num\u00e9riques ainsi que d\u2019outils et de workflows efficaces.<\/p>\n<p>En dehors de sa vie professionnelle, Monika Buchser s\u2019engage b\u00e9n\u00e9volement dans la communication visant \u00e0 renforcer la visibilit\u00e9 du sport f\u00e9minin. Cet engagement souligne sa compr\u00e9hension de l\u2019importance d\u2019une communication cibl\u00e9e pour des sujets soci\u00e9talement pertinents.<\/p>\n<p>Monika Buchser vit entre Thoune et Berne et travaille dans plusieurs langues \u2014 allemand, fran\u00e7ais et anglais. Elle conjugue ancrage local et aisance dans un environnement international, contribuant ainsi \u00e0 ce que les relations publiques soient mises en \u0153uvre efficacement dans le quotidien des mandats \u2014 discr\u00e8tement, mais de mani\u00e8re d\u00e9cisive.<\/p>\n<\/div>\n<p>[\/vc_column_text][\/vc_column_inner][\/vc_row_inner][\/vc_column][\/vc_row][vc_row row_height_percent=&#8221;30&#8243; override_padding=&#8221;yes&#8221; h_padding=&#8221;2&#8243; top_padding=&#8221;4&#8243; bottom_padding=&#8221;4&#8243; back_color=&#8221;accent&#8221; overlay_alpha=&#8221;95&#8243; gutter_size=&#8221;3&#8243; column_width_percent=&#8221;100&#8243; shift_y=&#8221;0&#8243; z_index=&#8221;0&#8243; uncode_shortcode_id=&#8221;105212&#8243; back_color_type=&#8221;uncode-palette&#8221;][vc_column column_width_percent=&#8221;100&#8243; gutter_size=&#8221;3&#8243; overlay_alpha=&#8221;50&#8243; shift_x=&#8221;0&#8243; shift_y=&#8221;0&#8243; shift_y_down=&#8221;0&#8243; z_index=&#8221;0&#8243; medium_width=&#8221;0&#8243; mobile_width=&#8221;0&#8243; width=&#8221;1\/1&#8243; uncode_shortcode_id=&#8221;201711&#8243;][vc_row_inner row_inner_height_percent=&#8221;0&#8243; overlay_alpha=&#8221;50&#8243; gutter_size=&#8221;4&#8243; shift_y=&#8221;0&#8243; z_index=&#8221;0&#8243; limit_content=&#8221;&#8221;][vc_column_inner column_width_percent=&#8221;100&#8243; gutter_size=&#8221;2&#8243; style=&#8221;dark&#8221; overlay_alpha=&#8221;50&#8243; border_color=&#8221;color-xsdn&#8221; border_style=&#8221;solid&#8221; shift_x=&#8221;0&#8243; shift_y=&#8221;0&#8243; shift_y_down=&#8221;0&#8243; z_index=&#8221;0&#8243; medium_width=&#8221;0&#8243; mobile_width=&#8221;0&#8243; width=&#8221;1\/1&#8243; uncode_shortcode_id=&#8221;801666&#8243; border_color_type=&#8221;uncode-palette&#8221;][vc_custom_heading text_color=&#8221;color-xsdn&#8221; uncode_shortcode_id=&#8221;451907&#8243; text_color_type=&#8221;uncode-palette&#8221;]How we work[\/vc_custom_heading][vc_custom_heading text_color=&#8221;color-xsdn&#8221; uncode_shortcode_id=&#8221;197517&#8243; text_color_type=&#8221;uncode-palette&#8221;]\u00ab Nous privil\u00e9gions une communication ouverte et transparente avec nos clients\u00b7tes pour qui nous ne nous satisfaisons que des meilleurs r\u00e9sultats.\u00bb[\/vc_custom_heading][\/vc_column_inner][\/vc_row_inner][\/vc_column][\/vc_row][vc_row unlock_row_content=&#8221;yes&#8221; row_height_percent=&#8221;0&#8243; override_padding=&#8221;yes&#8221; h_padding=&#8221;0&#8243; top_padding=&#8221;0&#8243; bottom_padding=&#8221;0&#8243; back_color=&#8221;color-wayh&#8221; overlay_alpha=&#8221;50&#8243; gutter_size=&#8221;3&#8243; column_width_percent=&#8221;100&#8243; shift_y=&#8221;0&#8243; z_index=&#8221;0&#8243;][vc_column width=&#8221;1\/1&#8243;][vc_gallery el_id=&#8221;gallery-18997768&#8243; type=&#8221;carousel&#8221; carousel_lg=&#8221;3&#8243; carousel_md=&#8221;3&#8243; carousel_sm=&#8221;1&#8243; thumb_size=&#8221;one-one&#8221; gutter_size=&#8221;0&#8243; media_items=&#8221;media|nolink|original,icon&#8221; carousel_interval=&#8221;5000&#8243; carousel_navspeed=&#8221;400&#8243; carousel_loop=&#8221;yes&#8221; stage_padding=&#8221;0&#8243; single_overlay_opacity=&#8221;50&#8243; single_overlay_anim=&#8221;no&#8221; single_text_anim=&#8221;no&#8221; single_image_anim=&#8221;no&#8221; single_padding=&#8221;2&#8243; single_border=&#8221;yes&#8221; items=&#8221;e30=&#8221; uncode_shortcode_id=&#8221;609747&#8243;][\/vc_column][\/vc_row][vc_row row_height_percent=&#8221;0&#8243; override_padding=&#8221;yes&#8221; h_padding=&#8221;2&#8243; top_padding=&#8221;4&#8243; bottom_padding=&#8221;4&#8243; back_color=&#8221;color-wvjs&#8221; overlay_alpha=&#8221;75&#8243; gutter_size=&#8221;4&#8243; column_width_percent=&#8221;100&#8243; shift_y=&#8221;0&#8243; z_index=&#8221;0&#8243; uncode_shortcode_id=&#8221;121181&#8243; back_color_type=&#8221;uncode-palette&#8221;][vc_column column_width_percent=&#8221;100&#8243; gutter_size=&#8221;2&#8243; style=&#8221;dark&#8221; overlay_alpha=&#8221;50&#8243; shift_x=&#8221;0&#8243; shift_y=&#8221;0&#8243; shift_y_down=&#8221;0&#8243; z_index=&#8221;0&#8243; medium_width=&#8221;0&#8243; mobile_width=&#8221;0&#8243; width=&#8221;1\/3&#8243; uncode_shortcode_id=&#8221;177507&#8243;][vc_custom_heading heading_semantic=&#8221;h3&#8243; text_size=&#8221;h3&#8243; text_weight=&#8221;300&#8243; uncode_shortcode_id=&#8221;668314&#8243;]Partenariats[\/vc_custom_heading][vc_column_text uncode_shortcode_id=&#8221;127745&#8243;]Nous privil\u00e9gions les partenariats \u00e0 long terme. Nous avons donc recours \u00e0 un r\u00e9seau exhaustif de partenaires dans les domaines du texte, de l&#8217;image, de la traduction, des m\u00e9dias sociaux, de la photographie ou du web design.[\/vc_column_text][\/vc_column][vc_column column_width_percent=&#8221;100&#8243; gutter_size=&#8221;2&#8243; style=&#8221;dark&#8221; overlay_alpha=&#8221;50&#8243; shift_x=&#8221;0&#8243; shift_y=&#8221;0&#8243; shift_y_down=&#8221;0&#8243; z_index=&#8221;0&#8243; medium_width=&#8221;0&#8243; mobile_width=&#8221;0&#8243; width=&#8221;1\/3&#8243;][vc_custom_heading heading_semantic=&#8221;h3&#8243; text_size=&#8221;h3&#8243; text_weight=&#8221;300&#8243; uncode_shortcode_id=&#8221;206467&#8243;]Domaine d&#8217;activit\u00e9[\/vc_custom_heading][vc_column_text uncode_shortcode_id=&#8221;740428&#8243;]Nous travaillons avec des m\u00e9dias de Suisse al\u00e9manique et de Suisse romande ainsi que d&#8217;Allemagne ou d&#8217;Autriche.[\/vc_column_text][\/vc_column][vc_column column_width_percent=&#8221;100&#8243; gutter_size=&#8221;2&#8243; style=&#8221;dark&#8221; overlay_alpha=&#8221;50&#8243; shift_x=&#8221;0&#8243; shift_y=&#8221;0&#8243; shift_y_down=&#8221;0&#8243; z_index=&#8221;0&#8243; medium_width=&#8221;0&#8243; mobile_width=&#8221;0&#8243; width=&#8221;1\/3&#8243;][vc_custom_heading heading_semantic=&#8221;h3&#8243; text_size=&#8221;h3&#8243; text_weight=&#8221;300&#8243; uncode_shortcode_id=&#8221;165981&#8243;]Affiliations[\/vc_custom_heading][vc_column_text uncode_shortcode_id=&#8221;105432&#8243;]Esther Beck, fondatrice et directrice de l&#8217;agence, est membre accr\u00e9dit\u00e9e de l&#8217;association professionnelle \u00ab PR Suisse \u00bb (SPRV), membre de la soci\u00e9t\u00e9 bernoise de RP (BPRG) et a obtenu la certification \u00ab Certified PR and Communication Expert \u00bb de SAQ (Swiss Association for Quality).[\/vc_column_text][\/vc_column][\/vc_row]<\/p>\n<\/div>","protected":false},"excerpt":{"rendered":"<p>[vc_row row_height_percent=&#8221;50&#8243; override_padding=&#8221;yes&#8221; h_padding=&#8221;2&#8243; top_padding=&#8221;5&#8243; bottom_padding=&#8221;5&#8243; back_image=&#8221;124685&#8243; back_position=&#8221;center center&#8221; overlay_color=&#8221;color-nhtu&#8221; overlay_alpha=&#8221;23&#8243; gutter_size=&#8221;3&#8243; column_width_percent=&#8221;100&#8243; shift_y=&#8221;0&#8243; z_index=&#8221;0&#8243; content_parallax=&#8221;0&#8243; uncode_shortcode_id=&#8221;891808&#8243; back_size=&#8221;cover&#8221; overlay_color_type=&#8221;uncode-palette&#8221;][vc_column column_width_percent=&#8221;100&#8243; [&hellip;]<\/p>\n","protected":false},"author":1,"featured_media":0,"parent":0,"menu_order":0,"comment_status":"closed","ping_status":"closed","template":"","meta":{"footnotes":""},"class_list":["post-121702","page","type-page","status-publish","hentry"],"_links":{"self":[{"href":"https:\/\/www.estherbeck.ch\/fr\/wp-json\/wp\/v2\/pages\/121702","targetHints":{"allow":["GET"]}}],"collection":[{"href":"https:\/\/www.estherbeck.ch\/fr\/wp-json\/wp\/v2\/pages"}],"about":[{"href":"https:\/\/www.estherbeck.ch\/fr\/wp-json\/wp\/v2\/types\/page"}],"author":[{"embeddable":true,"href":"https:\/\/www.estherbeck.ch\/fr\/wp-json\/wp\/v2\/users\/1"}],"replies":[{"embeddable":true,"href":"https:\/\/www.estherbeck.ch\/fr\/wp-json\/wp\/v2\/comments?post=121702"}],"version-history":[{"count":32,"href":"https:\/\/www.estherbeck.ch\/fr\/wp-json\/wp\/v2\/pages\/121702\/revisions"}],"predecessor-version":[{"id":125810,"href":"https:\/\/www.estherbeck.ch\/fr\/wp-json\/wp\/v2\/pages\/121702\/revisions\/125810"}],"wp:attachment":[{"href":"https:\/\/www.estherbeck.ch\/fr\/wp-json\/wp\/v2\/media?parent=121702"}],"curies":[{"name":"wp","href":"https:\/\/api.w.org\/{rel}","templated":true}]}}